{"id":964,"date":"2021-08-26T13:00:06","date_gmt":"2021-08-26T11:00:06","guid":{"rendered":"https:\/\/saniflam.com\/cuisines-et-bains\/?page_id=964"},"modified":"2021-11-12T20:21:12","modified_gmt":"2021-11-12T19:21:12","slug":"bains","status":"publish","type":"page","link":"https:\/\/saniflam.com\/cuisines-et-bains\/bains\/","title":{"rendered":"Bains"},"content":{"rendered":"\t\t<div data-elementor-type=\"wp-page\" data-elementor-id=\"964\" class=\"elementor elementor-964\">\n\t\t\t\t\t\t<section class=\"elementor-section elementor-top-section elementor-element elementor-element-5376260 elementor-section-full_width elementor-section-height-default elementor-section-height-default parallax_section_no qode_elementor_container_no\" data-id=\"5376260\" data-element_type=\"section\" data-e-type=\"section\" data-settings=\"{&quot;background_background&quot;:&quot;classic&quot;}\">\n\t\t\t\t\t\t<div class=\"elementor-container elementor-column-gap-default\">\n\t\t\t\t\t<div class=\"elementor-column elementor-col-100 elementor-top-column elementor-element elementor-element-518ac9f0\" data-id=\"518ac9f0\" data-element_type=\"column\" data-e-type=\"column\" data-settings=\"{&quot;background_background&quot;:&quot;classic&quot;}\">\n\t\t\t<div class=\"elementor-widget-wrap elementor-element-populated\">\n\t\t\t\t\t\t<section class=\"elementor-section elementor-inner-section elementor-element elementor-element-67f3ef4e elementor-section-full_width qode_elementor_container_inner elementor-section-height-default elementor-section-height-default parallax_section_no\" data-id=\"67f3ef4e\" data-element_type=\"section\" data-e-type=\"section\">\n\t\t\t\t\t\t<div class=\"elementor-container elementor-column-gap-default\">\n\t\t\t\t\t<div class=\"elementor-column elementor-col-100 elementor-inner-column elementor-element elementor-element-5fb4de34\" data-id=\"5fb4de34\" data-element_type=\"column\" data-e-type=\"column\">\n\t\t\t<div class=\"elementor-widget-wrap elementor-element-populated\">\n\t\t\t\t\t\t<div class=\"elementor-element elementor-element-13e42da0 elementor-widget elementor-widget-heading\" data-id=\"13e42da0\" data-element_type=\"widget\" data-e-type=\"widget\" data-widget_type=\"heading.default\">\n\t\t\t\t<div class=\"elementor-widget-container\">\n\t\t\t\t\t<h1 class=\"elementor-heading-title elementor-size-default\">La salle de bains<\/h1>\t\t\t\t<\/div>\n\t\t\t\t<\/div>\n\t\t\t\t<div class=\"elementor-element elementor-element-3e842b2 elementor-widget elementor-widget-spacer\" data-id=\"3e842b2\" data-element_type=\"widget\" data-e-type=\"widget\" data-widget_type=\"spacer.default\">\n\t\t\t\t<div class=\"elementor-widget-container\">\n\t\t\t\t\t\t\t<div class=\"elementor-spacer\">\n\t\t\t<div class=\"elementor-spacer-inner\"><\/div>\n\t\t<\/div>\n\t\t\t\t\t\t<\/div>\n\t\t\t\t<\/div>\n\t\t\t\t<div class=\"elementor-element elementor-element-79b5b80 elementor-widget elementor-widget-text-editor\" data-id=\"79b5b80\" data-element_type=\"widget\" data-e-type=\"widget\" data-widget_type=\"text-editor.default\">\n\t\t\t\t<div class=\"elementor-widget-container\">\n\t\t\t\t\t\t\t\t\t<h5>\u00c0 l\u2019instar de la cuisine, la salle de bains a pris de plus en plus d\u2019importance dans les habitations actuelles qui en comptent souvent plus d\u2019une. Parfois ouverte sur la chambre ou connect\u00e9e \u00e0 un espace dressing, son design devient essentiel pour s\u2019harmoniser avec le reste de la maison. Et lorsqu\u2019elle est petite, l\u2019enjeu est de jouer sur les dimensions des \u00e9l\u00e9ments sanitaires pour conserver une sensation d\u2019espace et utiliser chaque recoin pour ranger serviettes, produits de soin et accessoires.<\/h5>\t\t\t\t\t\t\t\t<\/div>\n\t\t\t\t<\/div>\n\t\t\t\t\t<\/div>\n\t\t<\/div>\n\t\t\t\t\t<\/div>\n\t\t<\/section>\n\t\t\t\t\t<\/div>\n\t\t<\/div>\n\t\t\t\t\t<\/div>\n\t\t<\/section>\n\t\t\t\t<section class=\"elementor-section elementor-top-section elementor-element elementor-element-b228272 elementor-section-full_width elementor-section-height-default elementor-section-height-default parallax_section_no qode_elementor_container_no\" data-id=\"b228272\" data-element_type=\"section\" data-e-type=\"section\" data-settings=\"{&quot;background_background&quot;:&quot;classic&quot;}\">\n\t\t\t\t\t\t<div class=\"elementor-container elementor-column-gap-default\">\n\t\t\t\t\t<div class=\"elementor-column elementor-col-100 elementor-top-column elementor-element elementor-element-e228717\" data-id=\"e228717\" data-element_type=\"column\" data-e-type=\"column\" data-settings=\"{&quot;background_background&quot;:&quot;classic&quot;}\">\n\t\t\t<div class=\"elementor-widget-wrap elementor-element-populated\">\n\t\t\t\t\t\t<div class=\"elementor-element elementor-element-5f11e49 elementor-widget elementor-widget-image\" data-id=\"5f11e49\" data-element_type=\"widget\" data-e-type=\"widget\" data-widget_type=\"image.default\">\n\t\t\t\t<div class=\"elementor-widget-container\">\n\t\t\t\t\t\t\t\t\t\t\t\t\t\t\t<img fetchpriority=\"high\" decoding=\"async\" width=\"1920\" height=\"784\" src=\"https:\/\/saniflam.com\/cuisines-et-bains\/wp-content\/uploads\/sites\/2\/2021\/09\/saniflam-cuisines-et-bains-salle-de-bain-miroir-design-verriere-walk-in-jacuzzi.jpg\" class=\"attachment-full size-full wp-image-1204\" alt=\"saniflam cuisines et bains salle de bain miroir design verri\u00e8re walk in jacuzzi\" srcset=\"https:\/\/saniflam.com\/cuisines-et-bains\/wp-content\/uploads\/sites\/2\/2021\/09\/saniflam-cuisines-et-bains-salle-de-bain-miroir-design-verriere-walk-in-jacuzzi.jpg 1920w, https:\/\/saniflam.com\/cuisines-et-bains\/wp-content\/uploads\/sites\/2\/2021\/09\/saniflam-cuisines-et-bains-salle-de-bain-miroir-design-verriere-walk-in-jacuzzi-300x123.jpg 300w, https:\/\/saniflam.com\/cuisines-et-bains\/wp-content\/uploads\/sites\/2\/2021\/09\/saniflam-cuisines-et-bains-salle-de-bain-miroir-design-verriere-walk-in-jacuzzi-1024x418.jpg 1024w, https:\/\/saniflam.com\/cuisines-et-bains\/wp-content\/uploads\/sites\/2\/2021\/09\/saniflam-cuisines-et-bains-salle-de-bain-miroir-design-verriere-walk-in-jacuzzi-768x314.jpg 768w, https:\/\/saniflam.com\/cuisines-et-bains\/wp-content\/uploads\/sites\/2\/2021\/09\/saniflam-cuisines-et-bains-salle-de-bain-miroir-design-verriere-walk-in-jacuzzi-1536x627.jpg 1536w, https:\/\/saniflam.com\/cuisines-et-bains\/wp-content\/uploads\/sites\/2\/2021\/09\/saniflam-cuisines-et-bains-salle-de-bain-miroir-design-verriere-walk-in-jacuzzi-700x286.jpg 700w\" sizes=\"(max-width: 1920px) 100vw, 1920px\" \/>\t\t\t\t\t\t\t\t\t\t\t\t\t\t\t<\/div>\n\t\t\t\t<\/div>\n\t\t\t\t\t<\/div>\n\t\t<\/div>\n\t\t\t\t\t<\/div>\n\t\t<\/section>\n\t\t\t\t<section class=\"elementor-section elementor-top-section elementor-element elementor-element-cbf4bae elementor-section-full_width qode_elementor_container_inner elementor-section-height-default elementor-section-height-default parallax_section_no\" data-id=\"cbf4bae\" data-element_type=\"section\" data-e-type=\"section\">\n\t\t\t\t\t\t<div class=\"elementor-container elementor-column-gap-default\">\n\t\t\t\t\t<div class=\"elementor-column elementor-col-100 elementor-top-column elementor-element elementor-element-f8597f9 elementor-invisible\" data-id=\"f8597f9\" data-element_type=\"column\" data-e-type=\"column\" data-settings=\"{&quot;animation&quot;:&quot;fadeInRight&quot;}\">\n\t\t\t<div class=\"elementor-widget-wrap elementor-element-populated\">\n\t\t\t\t\t\t<div class=\"elementor-element elementor-element-f643baf elementor-widget elementor-widget-heading\" data-id=\"f643baf\" data-element_type=\"widget\" data-e-type=\"widget\" data-widget_type=\"heading.default\">\n\t\t\t\t<div class=\"elementor-widget-container\">\n\t\t\t\t\t<h3 class=\"elementor-heading-title elementor-size-default\">Le mobilier<\/h3>\t\t\t\t<\/div>\n\t\t\t\t<\/div>\n\t\t\t\t<div class=\"elementor-element elementor-element-6f2330c elementor-widget elementor-widget-spacer\" data-id=\"6f2330c\" data-element_type=\"widget\" data-e-type=\"widget\" data-widget_type=\"spacer.default\">\n\t\t\t\t<div class=\"elementor-widget-container\">\n\t\t\t\t\t\t\t<div class=\"elementor-spacer\">\n\t\t\t<div class=\"elementor-spacer-inner\"><\/div>\n\t\t<\/div>\n\t\t\t\t\t\t<\/div>\n\t\t\t\t<\/div>\n\t\t\t\t<div class=\"elementor-element elementor-element-111b5ca elementor-widget elementor-widget-text-editor\" data-id=\"111b5ca\" data-element_type=\"widget\" data-e-type=\"widget\" data-widget_type=\"text-editor.default\">\n\t\t\t\t<div class=\"elementor-widget-container\">\n\t\t\t\t\t\t\t\t\t<h5>Devenu aussi complet que le mobilier de cuisine, le mobilier de salle de bain se d\u00e9veloppe en mod\u00e8les, en couleurs et en finitions pour personnaliser votre salle de bain et optimiser votre espace. Au-del\u00e0 de l\u2019aspect budg\u00e9taire, notre conseill\u00e8re vous aidera \u00e0 penser l\u2019\u00e9quipement de votre salle de bain en fonction de sa taille. Une multitude de compositions de meubles vous permettra de combler vos besoins en rangements ou \u00e9galement d\u2019y int\u00e9grer une buanderie.<\/h5>\t\t\t\t\t\t\t\t<\/div>\n\t\t\t\t<\/div>\n\t\t\t\t<div class=\"elementor-element elementor-element-a862eda elementor-widget elementor-widget-spacer\" data-id=\"a862eda\" data-element_type=\"widget\" data-e-type=\"widget\" data-widget_type=\"spacer.default\">\n\t\t\t\t<div class=\"elementor-widget-container\">\n\t\t\t\t\t\t\t<div class=\"elementor-spacer\">\n\t\t\t<div class=\"elementor-spacer-inner\"><\/div>\n\t\t<\/div>\n\t\t\t\t\t\t<\/div>\n\t\t\t\t<\/div>\n\t\t\t\t<div class=\"elementor-element elementor-element-fcf3f5a elementor-widget elementor-widget-text-editor\" data-id=\"fcf3f5a\" data-element_type=\"widget\" data-e-type=\"widget\" data-widget_type=\"text-editor.default\">\n\t\t\t\t<div class=\"elementor-widget-container\">\n\t\t\t\t\t\t\t\t\t<p>Nous travaillons avec diff\u00e9rents fournisseurs fran\u00e7ais et europ\u00e9ens pour vous permettre de trouver votre mobilier id\u00e9al au meilleur prix. Parmi eux, nous retrouvons Charles R\u00c9MA (notre fournisseur en cuisines am\u00e9nag\u00e9es) mais aussi Delpha, Aquarine, D\u00e9cotec, Sanijura, Roca, Laufen et bien d\u2019autres. Chacun d\u2019eux a ses propres particularit\u00e9s et nous privil\u00e9gions les meubles mont\u00e9s en usine, qui permettent de travailler plus rapidement \u00e0 l\u2019installation et assurer une meilleure long\u00e9vit\u00e9 d\u2019utilisation.<\/p>\t\t\t\t\t\t\t\t<\/div>\n\t\t\t\t<\/div>\n\t\t\t\t\t<\/div>\n\t\t<\/div>\n\t\t\t\t\t<\/div>\n\t\t<\/section>\n\t\t\t\t<section class=\"elementor-section elementor-top-section elementor-element elementor-element-14a3caa elementor-section-boxed elementor-section-height-default elementor-section-height-default parallax_section_no qode_elementor_container_no\" data-id=\"14a3caa\" data-element_type=\"section\" data-e-type=\"section\">\n\t\t\t\t\t\t<div class=\"elementor-container elementor-column-gap-default\">\n\t\t\t\t\t<div class=\"elementor-column elementor-col-100 elementor-top-column elementor-element elementor-element-e801673\" data-id=\"e801673\" data-element_type=\"column\" data-e-type=\"column\">\n\t\t\t<div class=\"elementor-widget-wrap elementor-element-populated\">\n\t\t\t\t\t\t<div class=\"elementor-element elementor-element-1a1706a elementor-widget elementor-widget-spacer\" data-id=\"1a1706a\" data-element_type=\"widget\" data-e-type=\"widget\" data-widget_type=\"spacer.default\">\n\t\t\t\t<div class=\"elementor-widget-container\">\n\t\t\t\t\t\t\t<div class=\"elementor-spacer\">\n\t\t\t<div class=\"elementor-spacer-inner\"><\/div>\n\t\t<\/div>\n\t\t\t\t\t\t<\/div>\n\t\t\t\t<\/div>\n\t\t\t\t\t<\/div>\n\t\t<\/div>\n\t\t\t\t\t<\/div>\n\t\t<\/section>\n\t\t\t\t<section style=\"background-image: url(https:\/\/saniflam.com\/cuisines-et-bains\/wp-content\/uploads\/sites\/2\/2021\/08\/saniflam-salle-de-bains-Iconik-Ovale-180.jpg);\" class=\"parallax_section_holder elementor-section elementor-top-section elementor-element elementor-element-caa0332 parallax_section_holder elementor-hidden-tablet elementor-hidden-phone elementor-section-boxed elementor-section-height-default elementor-section-height-default qode_elementor_container_no\" data-speed=\"0\" data-id=\"caa0332\" data-element_type=\"section\" data-e-type=\"section\" data-settings=\"{&quot;qode_parallax_image&quot;:{&quot;url&quot;:&quot;https:\\\/\\\/saniflam.com\\\/cuisines-et-bains\\\/wp-content\\\/uploads\\\/sites\\\/2\\\/2021\\\/08\\\/saniflam-salle-de-bains-Iconik-Ovale-180.jpg&quot;,&quot;id&quot;:&quot;980&quot;,&quot;size&quot;:&quot;&quot;,&quot;alt&quot;:&quot;&quot;,&quot;source&quot;:&quot;library&quot;}}\">\n\t\t\t\t\t\t<div class=\"elementor-container elementor-column-gap-default\">\n\t\t\t\t\t<div class=\"elementor-column elementor-col-100 elementor-top-column elementor-element elementor-element-344b7a0\" data-id=\"344b7a0\" data-element_type=\"column\" data-e-type=\"column\">\n\t\t\t<div class=\"elementor-widget-wrap elementor-element-populated\">\n\t\t\t\t\t\t<div class=\"elementor-element elementor-element-ec5197c elementor-widget elementor-widget-spacer\" data-id=\"ec5197c\" data-element_type=\"widget\" data-e-type=\"widget\" data-widget_type=\"spacer.default\">\n\t\t\t\t<div class=\"elementor-widget-container\">\n\t\t\t\t\t\t\t<div class=\"elementor-spacer\">\n\t\t\t<div class=\"elementor-spacer-inner\"><\/div>\n\t\t<\/div>\n\t\t\t\t\t\t<\/div>\n\t\t\t\t<\/div>\n\t\t\t\t\t<\/div>\n\t\t<\/div>\n\t\t\t\t\t<\/div>\n\t\t<\/section>\n\t\t\t\t<section class=\"elementor-section elementor-top-section elementor-element elementor-element-442e8b5 elementor-section-full_width qode_elementor_container_inner elementor-section-height-default elementor-section-height-default parallax_section_no\" data-id=\"442e8b5\" data-element_type=\"section\" data-e-type=\"section\">\n\t\t\t\t\t\t<div class=\"elementor-container elementor-column-gap-default\">\n\t\t\t\t\t<div class=\"elementor-column elementor-col-100 elementor-top-column elementor-element elementor-element-472a52d elementor-invisible\" data-id=\"472a52d\" data-element_type=\"column\" data-e-type=\"column\" data-settings=\"{&quot;animation&quot;:&quot;fadeInRight&quot;}\">\n\t\t\t<div class=\"elementor-widget-wrap elementor-element-populated\">\n\t\t\t\t\t\t<div class=\"elementor-element elementor-element-0131c3a elementor-widget elementor-widget-heading\" data-id=\"0131c3a\" data-element_type=\"widget\" data-e-type=\"widget\" data-widget_type=\"heading.default\">\n\t\t\t\t<div class=\"elementor-widget-container\">\n\t\t\t\t\t<h3 class=\"elementor-heading-title elementor-size-default\">Les \u00e9quipements sanitaires<\/h3>\t\t\t\t<\/div>\n\t\t\t\t<\/div>\n\t\t\t\t<div class=\"elementor-element elementor-element-61525ca elementor-widget elementor-widget-spacer\" data-id=\"61525ca\" data-element_type=\"widget\" data-e-type=\"widget\" data-widget_type=\"spacer.default\">\n\t\t\t\t<div class=\"elementor-widget-container\">\n\t\t\t\t\t\t\t<div class=\"elementor-spacer\">\n\t\t\t<div class=\"elementor-spacer-inner\"><\/div>\n\t\t<\/div>\n\t\t\t\t\t\t<\/div>\n\t\t\t\t<\/div>\n\t\t\t\t<div class=\"elementor-element elementor-element-4f3e093 elementor-widget elementor-widget-text-editor\" data-id=\"4f3e093\" data-element_type=\"widget\" data-e-type=\"widget\" data-widget_type=\"text-editor.default\">\n\t\t\t\t<div class=\"elementor-widget-container\">\n\t\t\t\t\t\t\t\t\t<h5>La classique c\u00e9ramique blanche n\u2019est plus aujourd\u2019hui la seule offre pour vos \u00e9quipements sanitaires, et les baignoires en fonte rel\u00e8vent plus du mus\u00e9e que de la salle de bain\u00a0! Une grande diversit\u00e9 de mat\u00e9riaux, plus l\u00e9gers, color\u00e9s, mall\u00e9ables, permettent une plus grande diversit\u00e9 de formes et de style.<\/h5>\t\t\t\t\t\t\t\t<\/div>\n\t\t\t\t<\/div>\n\t\t\t\t<div class=\"elementor-element elementor-element-a7c22b4 elementor-widget elementor-widget-spacer\" data-id=\"a7c22b4\" data-element_type=\"widget\" data-e-type=\"widget\" data-widget_type=\"spacer.default\">\n\t\t\t\t<div class=\"elementor-widget-container\">\n\t\t\t\t\t\t\t<div class=\"elementor-spacer\">\n\t\t\t<div class=\"elementor-spacer-inner\"><\/div>\n\t\t<\/div>\n\t\t\t\t\t\t<\/div>\n\t\t\t\t<\/div>\n\t\t\t\t\t<\/div>\n\t\t<\/div>\n\t\t\t\t\t<\/div>\n\t\t<\/section>\n\t\t\t\t<section class=\"elementor-section elementor-top-section elementor-element elementor-element-382ac76 elementor-section-full_width qode_elementor_container_inner elementor-section-height-default elementor-section-height-default parallax_section_no\" data-id=\"382ac76\" data-element_type=\"section\" data-e-type=\"section\">\n\t\t\t\t\t\t<div class=\"elementor-container elementor-column-gap-default\">\n\t\t\t\t\t<div class=\"elementor-column elementor-col-50 elementor-top-column elementor-element elementor-element-d4a7b7b elementor-invisible\" data-id=\"d4a7b7b\" data-element_type=\"column\" data-e-type=\"column\" data-settings=\"{&quot;animation&quot;:&quot;fadeInRight&quot;}\">\n\t\t\t<div class=\"elementor-widget-wrap elementor-element-populated\">\n\t\t\t\t\t\t<div class=\"elementor-element elementor-element-a93f606 elementor-widget elementor-widget-text-editor\" data-id=\"a93f606\" data-element_type=\"widget\" data-e-type=\"widget\" data-widget_type=\"text-editor.default\">\n\t\t\t\t<div class=\"elementor-widget-container\">\n\t\t\t\t\t\t\t\t\t<div><strong>Les lavabos, vasques\u00a0et plans vasques :<\/strong> \u00c0 poser ou \u00e0 encastrer dans le plan de toilette, les vasques se d\u00e9clinent en r\u00e9sine, verre, inox et c\u00e9ramique et dans de multiples formes. Les plans vasques (plan de toilette int\u00e9grant une vasque moul\u00e9e) sont fabriqu\u00e9s \u00e9galement dans ces mat\u00e9riaux ainsi qu\u2019en granit et quartz. Leur choix d\u00e9finit le design de votre salle de bain et permet de lui apporter votre touche personnelle.<\/div><div><strong>Le receveur de douche\u00a0:<\/strong> De plus en plus de salles de bain s\u2019\u00e9quipent de douche \u00e0 l\u2019italienne. Le receveur, plus facile \u00e0 mettre en \u0153uvre et plus s\u00fbr en termes d\u2019\u00e9tanch\u00e9it\u00e9, imite l\u2019aspect de la douche \u00e0 l\u2019italienne en devenant extra-plat, cr\u00e9ant un espace douche de plain-pied. En c\u00e9ramique, r\u00e9sine ou acrylique, il se d\u00e9cline en diff\u00e9rentes dimensions, couleurs et surfaces de finition.<\/div><div><strong>La paroi de douche\u00a0:<\/strong> Fixe, coulissante, pivotante ou pliante, la paroi de douche est la garantie d\u2019une salle de bain bien au sec. Elle se coordonne \u00e0 la robinetterie avec des profil\u00e9s de diff\u00e9rentes couleurs et propose de plus en plus d\u2019accessoires pour agr\u00e9menter la douche : \u00e9tag\u00e8res, paniers de rangement, pat\u00e8res pour peignoir etc.. Les mod\u00e8les type verri\u00e8re se d\u00e9veloppent pour donner \u00e0 votre salle de bain une ambiance \u00ab industrielle \u00bb.<\/div>\t\t\t\t\t\t\t\t<\/div>\n\t\t\t\t<\/div>\n\t\t\t\t<div class=\"elementor-element elementor-element-6807c86 elementor-widget elementor-widget-spacer\" data-id=\"6807c86\" data-element_type=\"widget\" data-e-type=\"widget\" data-widget_type=\"spacer.default\">\n\t\t\t\t<div class=\"elementor-widget-container\">\n\t\t\t\t\t\t\t<div class=\"elementor-spacer\">\n\t\t\t<div class=\"elementor-spacer-inner\"><\/div>\n\t\t<\/div>\n\t\t\t\t\t\t<\/div>\n\t\t\t\t<\/div>\n\t\t\t\t\t<\/div>\n\t\t<\/div>\n\t\t\t\t<div class=\"elementor-column elementor-col-50 elementor-top-column elementor-element elementor-element-62bf0d5 elementor-invisible\" data-id=\"62bf0d5\" data-element_type=\"column\" data-e-type=\"column\" data-settings=\"{&quot;animation&quot;:&quot;fadeInRight&quot;}\">\n\t\t\t<div class=\"elementor-widget-wrap elementor-element-populated\">\n\t\t\t\t\t\t<div class=\"elementor-element elementor-element-fef247d elementor-widget elementor-widget-text-editor\" data-id=\"fef247d\" data-element_type=\"widget\" data-e-type=\"widget\" data-widget_type=\"text-editor.default\">\n\t\t\t\t<div class=\"elementor-widget-container\">\n\t\t\t\t\t\t\t\t\t<p><strong>La baignoire\u00a0:<\/strong> Pratique pour les enfants, inspirant la relaxation, la baignoire reste d\u2019actualit\u00e9 quand la surface le permet. Design en ilot, spacieuse en duo ou technologique pour les mod\u00e8les baln\u00e9o, laquelle choisirez-vous ?<\/p><p><strong>La robinetterie\u00a0:<\/strong> Loin des m\u00e9langeurs de nos anciennes salles de bain, les \u201crobinets\u201d sont progressivement remplac\u00e9s par des mitigeurs de plus en plus design. Les formes changent, les couleurs apparaissent pour toujours plus de personnalisation. La plupart sont \u00e9quip\u00e9es d\u2019un syst\u00e8me permettant une consommation r\u00e9duite d\u2019eau pour pr\u00e9server l\u2019environnement.<br \/>Mitigeurs de lavabo et de baignoires, colonnes de douche sont disponibles en installation murale ou encastr\u00e9e. Nous travaillons avec des fournisseurs renomm\u00e9s et fiables tel que Hansgrohe, Pa\u00efni, Cristina-Ondyna ou Hansa par exemple.<\/p><p><strong>Le WC\u00a0:<\/strong>\u00a0Les toilettes \u00e9galement se d\u00e9veloppent et se modernisent. Pos\u00e9s au sol ou suspendus avec un b\u00e2ti support, ils sont plus design et \u00e9galement plus pratiques avec leur cuvette car\u00e9n\u00e9e et sans bride faciles \u00e0 nettoyer. Derni\u00e8re tendance, les mod\u00e8les lavants am\u00e9liorent l\u2019hygi\u00e8ne quotidienne et proposent diverses options de lavage et s\u00e9chage, param\u00e9trable pour chaque membre de la famille. Il est \u00e9galement possible de transformer un WC existant en WC lavant par l\u2019ajout d\u2019un abattant lavant.<\/p>\t\t\t\t\t\t\t\t<\/div>\n\t\t\t\t<\/div>\n\t\t\t\t<div class=\"elementor-element elementor-element-e8a4e0e elementor-widget elementor-widget-spacer\" data-id=\"e8a4e0e\" data-element_type=\"widget\" data-e-type=\"widget\" data-widget_type=\"spacer.default\">\n\t\t\t\t<div class=\"elementor-widget-container\">\n\t\t\t\t\t\t\t<div class=\"elementor-spacer\">\n\t\t\t<div class=\"elementor-spacer-inner\"><\/div>\n\t\t<\/div>\n\t\t\t\t\t\t<\/div>\n\t\t\t\t<\/div>\n\t\t\t\t\t<\/div>\n\t\t<\/div>\n\t\t\t\t\t<\/div>\n\t\t<\/section>\n\t\t\t\t<section style=\"background-image: url(https:\/\/saniflam.com\/cuisines-et-bains\/wp-content\/uploads\/sites\/2\/2021\/09\/saniflam-cuisines-et-bains-salle-de-bain-baignoire-ilot-douche-verriere-industriel-kinedo.jpg);\" class=\"parallax_section_holder elementor-section elementor-top-section elementor-element elementor-element-f4c9ef3 parallax_section_holder elementor-hidden-tablet elementor-hidden-phone elementor-section-boxed elementor-section-height-default elementor-section-height-default qode_elementor_container_no\" data-speed=\"0\" data-id=\"f4c9ef3\" data-element_type=\"section\" data-e-type=\"section\" data-settings=\"{&quot;qode_parallax_image&quot;:{&quot;url&quot;:&quot;https:\\\/\\\/saniflam.com\\\/cuisines-et-bains\\\/wp-content\\\/uploads\\\/sites\\\/2\\\/2021\\\/09\\\/saniflam-cuisines-et-bains-salle-de-bain-baignoire-ilot-douche-verriere-industriel-kinedo.jpg&quot;,&quot;id&quot;:&quot;1205&quot;,&quot;size&quot;:&quot;&quot;,&quot;alt&quot;:&quot;saniflam cuisines et bains salle de bain baignoire ilot douche verri\\u00e8re industriel kinedo&quot;,&quot;source&quot;:&quot;library&quot;}}\">\n\t\t\t\t\t\t<div class=\"elementor-container elementor-column-gap-default\">\n\t\t\t\t\t<div class=\"elementor-column elementor-col-100 elementor-top-column elementor-element elementor-element-b523c4b\" data-id=\"b523c4b\" data-element_type=\"column\" data-e-type=\"column\">\n\t\t\t<div class=\"elementor-widget-wrap elementor-element-populated\">\n\t\t\t\t\t\t<div class=\"elementor-element elementor-element-189b4fc elementor-widget elementor-widget-spacer\" data-id=\"189b4fc\" data-element_type=\"widget\" data-e-type=\"widget\" data-widget_type=\"spacer.default\">\n\t\t\t\t<div class=\"elementor-widget-container\">\n\t\t\t\t\t\t\t<div class=\"elementor-spacer\">\n\t\t\t<div class=\"elementor-spacer-inner\"><\/div>\n\t\t<\/div>\n\t\t\t\t\t\t<\/div>\n\t\t\t\t<\/div>\n\t\t\t\t\t<\/div>\n\t\t<\/div>\n\t\t\t\t\t<\/div>\n\t\t<\/section>\n\t\t\t\t<section class=\"elementor-section elementor-top-section elementor-element elementor-element-fd267f5 elementor-section-full_width qode_elementor_container_inner elementor-section-height-default elementor-section-height-default parallax_section_no\" data-id=\"fd267f5\" data-element_type=\"section\" data-e-type=\"section\">\n\t\t\t\t\t\t<div class=\"elementor-container elementor-column-gap-default\">\n\t\t\t\t\t<div class=\"elementor-column elementor-col-100 elementor-top-column elementor-element elementor-element-4d357ae elementor-invisible\" data-id=\"4d357ae\" data-element_type=\"column\" data-e-type=\"column\" data-settings=\"{&quot;animation&quot;:&quot;fadeInRight&quot;}\">\n\t\t\t<div class=\"elementor-widget-wrap elementor-element-populated\">\n\t\t\t\t\t\t<div class=\"elementor-element elementor-element-fe8d6b5 elementor-widget elementor-widget-heading\" data-id=\"fe8d6b5\" data-element_type=\"widget\" data-e-type=\"widget\" data-widget_type=\"heading.default\">\n\t\t\t\t<div class=\"elementor-widget-container\">\n\t\t\t\t\t<h3 class=\"elementor-heading-title elementor-size-default\">Le chauffage et les accessoires<\/h3>\t\t\t\t<\/div>\n\t\t\t\t<\/div>\n\t\t\t\t<div class=\"elementor-element elementor-element-4310237 elementor-widget elementor-widget-spacer\" data-id=\"4310237\" data-element_type=\"widget\" data-e-type=\"widget\" data-widget_type=\"spacer.default\">\n\t\t\t\t<div class=\"elementor-widget-container\">\n\t\t\t\t\t\t\t<div class=\"elementor-spacer\">\n\t\t\t<div class=\"elementor-spacer-inner\"><\/div>\n\t\t<\/div>\n\t\t\t\t\t\t<\/div>\n\t\t\t\t<\/div>\n\t\t\t\t<div class=\"elementor-element elementor-element-c3c4564 elementor-widget elementor-widget-text-editor\" data-id=\"c3c4564\" data-element_type=\"widget\" data-e-type=\"widget\" data-widget_type=\"text-editor.default\">\n\t\t\t\t<div class=\"elementor-widget-container\">\n\t\t\t\t\t\t\t\t\t<p><strong>Les radiateurs s\u00e8che-serviettes\u00a0:<\/strong> Blancs, inox ou color\u00e9s, ultra plats, ils se fondent dans l\u2019espace ou le d\u00e9corent avec classe. Dot\u00e9s de pat\u00e8res pour accrocher vos serviettes et peignoirs, ils sauront s\u2019adapter \u00e0 votre installation, qu\u2019elle soit \u00e9lectrique, connect\u00e9e sur votre chauffage central \u00e0 eau chaude ou mixte.<\/p><p><strong>Les accessoires\u00a0:<\/strong> Du porte-serviettes au gobelet, en passant par la raclette \u00e0 douche, les accessoires finissent l\u2019am\u00e9nagement de la salle de bain en la dotant de tout le confort d\u2019utilisation. Blancs ou color\u00e9s, en m\u00e9tal chrom\u00e9, inox, dor\u00e9 ou mat, ils donnent la touche finale \u00e0 votre d\u00e9coration et personnalisent votre salle de bains. L\u2019accessoire, c\u2019est le petit d\u00e9tail qui fait que vous appr\u00e9ciez chaque jour \u00e0 quel point votre salle de bain a \u00e9t\u00e9 bien pens\u00e9e !<\/p>\t\t\t\t\t\t\t\t<\/div>\n\t\t\t\t<\/div>\n\t\t\t\t<div class=\"elementor-element elementor-element-f23a982 elementor-widget elementor-widget-spacer\" data-id=\"f23a982\" data-element_type=\"widget\" data-e-type=\"widget\" data-widget_type=\"spacer.default\">\n\t\t\t\t<div class=\"elementor-widget-container\">\n\t\t\t\t\t\t\t<div class=\"elementor-spacer\">\n\t\t\t<div class=\"elementor-spacer-inner\"><\/div>\n\t\t<\/div>\n\t\t\t\t\t\t<\/div>\n\t\t\t\t<\/div>\n\t\t\t\t\t<\/div>\n\t\t<\/div>\n\t\t\t\t\t<\/div>\n\t\t<\/section>\n\t\t\t\t<section class=\"elementor-section elementor-top-section elementor-element elementor-element-554c76a elementor-section-full_width qode_elementor_container_inner elementor-section-height-default elementor-section-height-default parallax_section_no\" data-id=\"554c76a\" data-element_type=\"section\" data-e-type=\"section\">\n\t\t\t\t\t\t<div class=\"elementor-container elementor-column-gap-default\">\n\t\t\t\t\t<div class=\"elementor-column elementor-col-100 elementor-top-column elementor-element elementor-element-e4f1442 elementor-invisible\" data-id=\"e4f1442\" data-element_type=\"column\" data-e-type=\"column\" data-settings=\"{&quot;animation&quot;:&quot;fadeInRight&quot;}\">\n\t\t\t<div class=\"elementor-widget-wrap elementor-element-populated\">\n\t\t\t\t\t\t<div class=\"elementor-element elementor-element-a778321 elementor-widget elementor-widget-text-editor\" data-id=\"a778321\" data-element_type=\"widget\" data-e-type=\"widget\" data-widget_type=\"text-editor.default\">\n\t\t\t\t<div class=\"elementor-widget-container\">\n\t\t\t\t\t\t\t\t\t<h3>Pour une <strong>salle de bain bien pens\u00e9e, adapt\u00e9e \u00e0 votre usage<\/strong>\u00a0et qui optimise votre espace et votre budget, prenez rendez-vous !<\/h3>\t\t\t\t\t\t\t\t<\/div>\n\t\t\t\t<\/div>\n\t\t\t\t<div class=\"elementor-element elementor-element-7019541 elementor-widget elementor-widget-spacer\" data-id=\"7019541\" data-element_type=\"widget\" data-e-type=\"widget\" data-widget_type=\"spacer.default\">\n\t\t\t\t<div class=\"elementor-widget-container\">\n\t\t\t\t\t\t\t<div class=\"elementor-spacer\">\n\t\t\t<div class=\"elementor-spacer-inner\"><\/div>\n\t\t<\/div>\n\t\t\t\t\t\t<\/div>\n\t\t\t\t<\/div>\n\t\t\t\t\t<\/div>\n\t\t<\/div>\n\t\t\t\t\t<\/div>\n\t\t<\/section>\n\t\t\t\t<section style=\"background-image: url(https:\/\/saniflam.com\/cuisines-et-bains\/wp-content\/uploads\/sites\/2\/2021\/09\/saniflam-cuisines-et-bains-salle-de-bain-douche-douchette-hansgrohe.jpg);\" class=\"parallax_section_holder elementor-section elementor-top-section elementor-element elementor-element-3129ccf parallax_section_holder elementor-hidden-tablet elementor-hidden-phone elementor-section-boxed elementor-section-height-default elementor-section-height-default qode_elementor_container_no\" data-speed=\"0\" data-id=\"3129ccf\" data-element_type=\"section\" data-e-type=\"section\" data-settings=\"{&quot;qode_parallax_image&quot;:{&quot;url&quot;:&quot;https:\\\/\\\/saniflam.com\\\/cuisines-et-bains\\\/wp-content\\\/uploads\\\/sites\\\/2\\\/2021\\\/09\\\/saniflam-cuisines-et-bains-salle-de-bain-douche-douchette-hansgrohe.jpg&quot;,&quot;id&quot;:&quot;1207&quot;,&quot;size&quot;:&quot;&quot;,&quot;alt&quot;:&quot;saniflam cuisines et bains salle de bain douche douchette hansgrohe&quot;,&quot;source&quot;:&quot;library&quot;}}\">\n\t\t\t\t\t\t<div class=\"elementor-container elementor-column-gap-default\">\n\t\t\t\t\t<div class=\"elementor-column elementor-col-100 elementor-top-column elementor-element elementor-element-21b68a5\" data-id=\"21b68a5\" data-element_type=\"column\" data-e-type=\"column\">\n\t\t\t<div class=\"elementor-widget-wrap elementor-element-populated\">\n\t\t\t\t\t\t<div class=\"elementor-element elementor-element-6e5ba18 elementor-widget elementor-widget-spacer\" data-id=\"6e5ba18\" data-element_type=\"widget\" data-e-type=\"widget\" data-widget_type=\"spacer.default\">\n\t\t\t\t<div class=\"elementor-widget-container\">\n\t\t\t\t\t\t\t<div class=\"elementor-spacer\">\n\t\t\t<div class=\"elementor-spacer-inner\"><\/div>\n\t\t<\/div>\n\t\t\t\t\t\t<\/div>\n\t\t\t\t<\/div>\n\t\t\t\t\t<\/div>\n\t\t<\/div>\n\t\t\t\t\t<\/div>\n\t\t<\/section>\n\t\t\t\t<section class=\"elementor-section elementor-top-section elementor-element elementor-element-ccfe839 elementor-section-boxed elementor-section-height-default elementor-section-height-default parallax_section_no qode_elementor_container_no\" data-id=\"ccfe839\" data-element_type=\"section\" data-e-type=\"section\" data-settings=\"{&quot;background_background&quot;:&quot;classic&quot;}\">\n\t\t\t\t\t\t<div class=\"elementor-container elementor-column-gap-default\">\n\t\t\t\t\t<div class=\"elementor-column elementor-col-100 elementor-top-column elementor-element elementor-element-6c03a5d\" data-id=\"6c03a5d\" data-element_type=\"column\" data-e-type=\"column\">\n\t\t\t<div class=\"elementor-widget-wrap elementor-element-populated\">\n\t\t\t\t\t\t<div class=\"elementor-element elementor-element-fccb6dd elementor-widget-divider--view-line elementor-widget elementor-widget-divider\" data-id=\"fccb6dd\" data-element_type=\"widget\" data-e-type=\"widget\" data-widget_type=\"divider.default\">\n\t\t\t\t<div class=\"elementor-widget-container\">\n\t\t\t\t\t\t\t<div class=\"elementor-divider\">\n\t\t\t<span class=\"elementor-divider-separator\">\n\t\t\t\t\t\t<\/span>\n\t\t<\/div>\n\t\t\t\t\t\t<\/div>\n\t\t\t\t<\/div>\n\t\t\t\t\t<\/div>\n\t\t<\/div>\n\t\t\t\t\t<\/div>\n\t\t<\/section>\n\t\t\t\t<\/div>\n\t\t","protected":false},"excerpt":{"rendered":"<p>La salle de bain \u00c0 l\u2019instar de la cuisine, la salle de bains a pris de plus en plus d\u2019importance dans les habitations actuelles qui en comptent souvent plus d\u2019une. Parfois ouverte sur la chambre ou connect\u00e9e \u00e0 un espace dressing, son design devient essentiel&#8230;<\/p>\n","protected":false},"author":2,"featured_media":0,"parent":0,"menu_order":0,"comment_status":"closed","ping_status":"closed","template":"full_width.php","meta":{"footnotes":""},"class_list":["post-964","page","type-page","status-publish","hentry"],"yoast_head":"<!-- This site is optimized with the Yoast SEO plugin v26.8 - https:\/\/yoast.com\/product\/yoast-seo-wordpress\/ -->\n<title>Salles de bains - Conception et vente - Bourg-Saint-Maurice<\/title>\n<meta name=\"description\" content=\"Saniflam Bains, distributeur de nombreuses marques de sanitaire, accompagne les particuliers dans la r\u00e9alisation de leur salle de bains\" \/>\n<meta name=\"robots\" content=\"index, follow, max-snippet:-1, max-image-preview:large, max-video-preview:-1\" \/>\n<link rel=\"canonical\" href=\"https:\/\/saniflam.com\/cuisines-et-bains\/bains\/\" \/>\n<meta property=\"og:locale\" content=\"fr_FR\" \/>\n<meta property=\"og:type\" content=\"article\" \/>\n<meta property=\"og:title\" content=\"Salles de bains - Conception et vente - Bourg-Saint-Maurice\" \/>\n<meta property=\"og:description\" content=\"Saniflam Bains, distributeur de nombreuses marques de sanitaire, accompagne les particuliers dans la r\u00e9alisation de leur salle de bains\" \/>\n<meta property=\"og:url\" content=\"https:\/\/saniflam.com\/cuisines-et-bains\/bains\/\" \/>\n<meta property=\"og:site_name\" content=\"Cuisines et Bains\" \/>\n<meta property=\"article:modified_time\" content=\"2021-11-12T19:21:12+00:00\" \/>\n<meta property=\"og:image\" content=\"https:\/\/saniflam.com\/cuisines-et-bains\/wp-content\/uploads\/sites\/2\/2021\/09\/saniflam-cuisines-et-bains-salle-de-bain-miroir-design-verriere-walk-in-jacuzzi.jpg\" \/>\n<meta name=\"twitter:card\" content=\"summary_large_image\" \/>\n<meta name=\"twitter:label1\" content=\"Dur\u00e9e de lecture estim\u00e9e\" \/>\n\t<meta name=\"twitter:data1\" content=\"4 minutes\" \/>\n<script type=\"application\/ld+json\" class=\"yoast-schema-graph\">{\"@context\":\"https:\/\/schema.org\",\"@graph\":[{\"@type\":\"WebPage\",\"@id\":\"https:\/\/saniflam.com\/cuisines-et-bains\/bains\/\",\"url\":\"https:\/\/saniflam.com\/cuisines-et-bains\/bains\/\",\"name\":\"Salles de bains - Conception et vente - Bourg-Saint-Maurice\",\"isPartOf\":{\"@id\":\"https:\/\/saniflam.com\/cuisines-et-bains\/#website\"},\"primaryImageOfPage\":{\"@id\":\"https:\/\/saniflam.com\/cuisines-et-bains\/bains\/#primaryimage\"},\"image\":{\"@id\":\"https:\/\/saniflam.com\/cuisines-et-bains\/bains\/#primaryimage\"},\"thumbnailUrl\":\"https:\/\/saniflam.com\/cuisines-et-bains\/wp-content\/uploads\/sites\/2\/2021\/09\/saniflam-cuisines-et-bains-salle-de-bain-miroir-design-verriere-walk-in-jacuzzi.jpg\",\"datePublished\":\"2021-08-26T11:00:06+00:00\",\"dateModified\":\"2021-11-12T19:21:12+00:00\",\"description\":\"Saniflam Bains, distributeur de nombreuses marques de sanitaire, accompagne les particuliers dans la r\u00e9alisation de leur salle de bains\",\"breadcrumb\":{\"@id\":\"https:\/\/saniflam.com\/cuisines-et-bains\/bains\/#breadcrumb\"},\"inLanguage\":\"fr-FR\",\"potentialAction\":[{\"@type\":\"ReadAction\",\"target\":[\"https:\/\/saniflam.com\/cuisines-et-bains\/bains\/\"]}]},{\"@type\":\"ImageObject\",\"inLanguage\":\"fr-FR\",\"@id\":\"https:\/\/saniflam.com\/cuisines-et-bains\/bains\/#primaryimage\",\"url\":\"https:\/\/saniflam.com\/cuisines-et-bains\/wp-content\/uploads\/sites\/2\/2021\/09\/saniflam-cuisines-et-bains-salle-de-bain-miroir-design-verriere-walk-in-jacuzzi.jpg\",\"contentUrl\":\"https:\/\/saniflam.com\/cuisines-et-bains\/wp-content\/uploads\/sites\/2\/2021\/09\/saniflam-cuisines-et-bains-salle-de-bain-miroir-design-verriere-walk-in-jacuzzi.jpg\",\"width\":1920,\"height\":784,\"caption\":\"saniflam cuisines et bains salle de bain miroir design verri\u00e8re walk in jacuzzi\"},{\"@type\":\"BreadcrumbList\",\"@id\":\"https:\/\/saniflam.com\/cuisines-et-bains\/bains\/#breadcrumb\",\"itemListElement\":[{\"@type\":\"ListItem\",\"position\":1,\"name\":\"Accueil\",\"item\":\"https:\/\/saniflam.com\/cuisines-et-bains\/\"},{\"@type\":\"ListItem\",\"position\":2,\"name\":\"Bains\"}]},{\"@type\":\"WebSite\",\"@id\":\"https:\/\/saniflam.com\/cuisines-et-bains\/#website\",\"url\":\"https:\/\/saniflam.com\/cuisines-et-bains\/\",\"name\":\"Cuisines et Bains\",\"description\":\"\",\"potentialAction\":[{\"@type\":\"SearchAction\",\"target\":{\"@type\":\"EntryPoint\",\"urlTemplate\":\"https:\/\/saniflam.com\/cuisines-et-bains\/?s={search_term_string}\"},\"query-input\":{\"@type\":\"PropertyValueSpecification\",\"valueRequired\":true,\"valueName\":\"search_term_string\"}}],\"inLanguage\":\"fr-FR\"}]}<\/script>\n<!-- \/ Yoast SEO plugin. -->","yoast_head_json":{"title":"Salles de bains - Conception et vente - Bourg-Saint-Maurice","description":"Saniflam Bains, distributeur de nombreuses marques de sanitaire, accompagne les particuliers dans la r\u00e9alisation de leur salle de bains","robots":{"index":"index","follow":"follow","max-snippet":"max-snippet:-1","max-image-preview":"max-image-preview:large","max-video-preview":"max-video-preview:-1"},"canonical":"https:\/\/saniflam.com\/cuisines-et-bains\/bains\/","og_locale":"fr_FR","og_type":"article","og_title":"Salles de bains - Conception et vente - Bourg-Saint-Maurice","og_description":"Saniflam Bains, distributeur de nombreuses marques de sanitaire, accompagne les particuliers dans la r\u00e9alisation de leur salle de bains","og_url":"https:\/\/saniflam.com\/cuisines-et-bains\/bains\/","og_site_name":"Cuisines et Bains","article_modified_time":"2021-11-12T19:21:12+00:00","og_image":[{"url":"https:\/\/saniflam.com\/cuisines-et-bains\/wp-content\/uploads\/sites\/2\/2021\/09\/saniflam-cuisines-et-bains-salle-de-bain-miroir-design-verriere-walk-in-jacuzzi.jpg","type":"","width":"","height":""}],"twitter_card":"summary_large_image","twitter_misc":{"Dur\u00e9e de lecture estim\u00e9e":"4 minutes"},"schema":{"@context":"https:\/\/schema.org","@graph":[{"@type":"WebPage","@id":"https:\/\/saniflam.com\/cuisines-et-bains\/bains\/","url":"https:\/\/saniflam.com\/cuisines-et-bains\/bains\/","name":"Salles de bains - Conception et vente - Bourg-Saint-Maurice","isPartOf":{"@id":"https:\/\/saniflam.com\/cuisines-et-bains\/#website"},"primaryImageOfPage":{"@id":"https:\/\/saniflam.com\/cuisines-et-bains\/bains\/#primaryimage"},"image":{"@id":"https:\/\/saniflam.com\/cuisines-et-bains\/bains\/#primaryimage"},"thumbnailUrl":"https:\/\/saniflam.com\/cuisines-et-bains\/wp-content\/uploads\/sites\/2\/2021\/09\/saniflam-cuisines-et-bains-salle-de-bain-miroir-design-verriere-walk-in-jacuzzi.jpg","datePublished":"2021-08-26T11:00:06+00:00","dateModified":"2021-11-12T19:21:12+00:00","description":"Saniflam Bains, distributeur de nombreuses marques de sanitaire, accompagne les particuliers dans la r\u00e9alisation de leur salle de bains","breadcrumb":{"@id":"https:\/\/saniflam.com\/cuisines-et-bains\/bains\/#breadcrumb"},"inLanguage":"fr-FR","potentialAction":[{"@type":"ReadAction","target":["https:\/\/saniflam.com\/cuisines-et-bains\/bains\/"]}]},{"@type":"ImageObject","inLanguage":"fr-FR","@id":"https:\/\/saniflam.com\/cuisines-et-bains\/bains\/#primaryimage","url":"https:\/\/saniflam.com\/cuisines-et-bains\/wp-content\/uploads\/sites\/2\/2021\/09\/saniflam-cuisines-et-bains-salle-de-bain-miroir-design-verriere-walk-in-jacuzzi.jpg","contentUrl":"https:\/\/saniflam.com\/cuisines-et-bains\/wp-content\/uploads\/sites\/2\/2021\/09\/saniflam-cuisines-et-bains-salle-de-bain-miroir-design-verriere-walk-in-jacuzzi.jpg","width":1920,"height":784,"caption":"saniflam cuisines et bains salle de bain miroir design verri\u00e8re walk in jacuzzi"},{"@type":"BreadcrumbList","@id":"https:\/\/saniflam.com\/cuisines-et-bains\/bains\/#breadcrumb","itemListElement":[{"@type":"ListItem","position":1,"name":"Accueil","item":"https:\/\/saniflam.com\/cuisines-et-bains\/"},{"@type":"ListItem","position":2,"name":"Bains"}]},{"@type":"WebSite","@id":"https:\/\/saniflam.com\/cuisines-et-bains\/#website","url":"https:\/\/saniflam.com\/cuisines-et-bains\/","name":"Cuisines et Bains","description":"","potentialAction":[{"@type":"SearchAction","target":{"@type":"EntryPoint","urlTemplate":"https:\/\/saniflam.com\/cuisines-et-bains\/?s={search_term_string}"},"query-input":{"@type":"PropertyValueSpecification","valueRequired":true,"valueName":"search_term_string"}}],"inLanguage":"fr-FR"}]}},"_links":{"self":[{"href":"https:\/\/saniflam.com\/cuisines-et-bains\/wp-json\/wp\/v2\/pages\/964","targetHints":{"allow":["GET"]}}],"collection":[{"href":"https:\/\/saniflam.com\/cuisines-et-bains\/wp-json\/wp\/v2\/pages"}],"about":[{"href":"https:\/\/saniflam.com\/cuisines-et-bains\/wp-json\/wp\/v2\/types\/page"}],"author":[{"embeddable":true,"href":"https:\/\/saniflam.com\/cuisines-et-bains\/wp-json\/wp\/v2\/users\/2"}],"replies":[{"embeddable":true,"href":"https:\/\/saniflam.com\/cuisines-et-bains\/wp-json\/wp\/v2\/comments?post=964"}],"version-history":[{"count":5,"href":"https:\/\/saniflam.com\/cuisines-et-bains\/wp-json\/wp\/v2\/pages\/964\/revisions"}],"predecessor-version":[{"id":1355,"href":"https:\/\/saniflam.com\/cuisines-et-bains\/wp-json\/wp\/v2\/pages\/964\/revisions\/1355"}],"wp:attachment":[{"href":"https:\/\/saniflam.com\/cuisines-et-bains\/wp-json\/wp\/v2\/media?parent=964"}],"curies":[{"name":"wp","href":"https:\/\/api.w.org\/{rel}","templated":true}]}}