{"id":153,"date":"2020-09-01T11:16:09","date_gmt":"2020-09-01T09:16:09","guid":{"rendered":"https:\/\/bridge394.qodeinteractive.com\/?page_id=6"},"modified":"2026-01-15T16:06:51","modified_gmt":"2026-01-15T15:06:51","slug":"saniflam-cuisines-bains","status":"publish","type":"page","link":"https:\/\/saniflam.com\/cuisines-et-bains\/","title":{"rendered":"Cuisines et Bains"},"content":{"rendered":"\t\t<div data-elementor-type=\"wp-page\" data-elementor-id=\"153\" class=\"elementor elementor-153\">\n\t\t\t\t\t\t<section class=\"elementor-section elementor-top-section elementor-element elementor-element-a5b36c5 parallax_section_holder elementor-section-height-min-height elementor-section-items-bottom elementor-hidden-mobile elementor-section-boxed elementor-section-height-default qode_elementor_container_no\" data-id=\"a5b36c5\" data-element_type=\"section\" data-e-type=\"section\" data-settings=\"{&quot;background_background&quot;:&quot;classic&quot;,&quot;qode_parallax_image&quot;:{&quot;url&quot;:&quot;&quot;,&quot;id&quot;:&quot;&quot;,&quot;size&quot;:&quot;&quot;}}\">\n\t\t\t\t\t\t<div class=\"elementor-container elementor-column-gap-no\">\n\t\t\t\t\t<div class=\"elementor-column elementor-col-100 elementor-top-column elementor-element elementor-element-b876002 elementor-hidden-tablet elementor-hidden-mobile\" data-id=\"b876002\" data-element_type=\"column\" data-e-type=\"column\" data-settings=\"{&quot;background_background&quot;:&quot;classic&quot;}\">\n\t\t\t<div class=\"elementor-widget-wrap elementor-element-populated\">\n\t\t\t\t\t\t<div class=\"elementor-element elementor-element-69b9cb8 elementor-widget elementor-widget-slider_revolution\" data-id=\"69b9cb8\" data-element_type=\"widget\" data-e-type=\"widget\" data-widget_type=\"slider_revolution.default\">\n\t\t\t\t<div class=\"elementor-widget-container\">\n\t\t\t\t\t\n\t\t<div class=\"wp-block-themepunch-revslider\">\n\t\t\t<!-- START HomeSlider REVOLUTION SLIDER 6.7.25 --><p class=\"rs-p-wp-fix\"><\/p>\n\t\t\t<rs-module-wrap id=\"rev_slider_1_1_wrapper\" data-source=\"gallery\" style=\"visibility:hidden;background:rgba(246,237,232,0.2);padding:0;margin:0px auto;margin-top:0;margin-bottom:0;\">\n\t\t\t\t<rs-module id=\"rev_slider_1_1\" style=\"\" data-version=\"6.7.25\">\n\t\t\t\t\t<rs-slides style=\"overflow: hidden; position: absolute;\">\n\t\t\t\t\t\t<rs-slide style=\"position: absolute;\" data-key=\"rs-1\" data-title=\"Slide\" data-anim=\"adpr:false;ms:4000ms;\" data-in=\"o:0;\" data-out=\"a:false;\">\n\t\t\t\t\t\t\t<img decoding=\"async\" src=\"\/\/saniflam.com\/cuisines-et-bains\/wp-content\/plugins\/revslider\/sr6\/assets\/assets\/dummy.png\" alt=\"Slide\" title=\"Cuisines et Bains\" class=\"rev-slidebg tp-rs-img rs-lazyload\" data-lazyload=\"\/\/saniflam.com\/cuisines-et-bains\/wp-content\/plugins\/revslider\/sr6\/assets\/assets\/transparent.png\" data-no-retina>\n<!--\n\t\t\t\t\t\t\t--><rs-layer\n\t\t\t\t\t\t\t\tid=\"slider-1-slide-1-layer-0\" \n\t\t\t\t\t\t\t\tdata-type=\"image\"\n\t\t\t\t\t\t\t\tdata-xy=\"x:c;xo:-325px,-325px,-257px,-256px;y:m;\"\n\t\t\t\t\t\t\t\tdata-text=\"w:normal;\"\n\t\t\t\t\t\t\t\tdata-dim=\"w:650px,650px,514px,514px;h:650px,645px,512px,512px;\"\n\t\t\t\t\t\t\t\tdata-rsp_o=\"off\"\n\t\t\t\t\t\t\t\tdata-rsp_bd=\"off\"\n\t\t\t\t\t\t\t\tdata-frame_0=\"y:bottom;\"\n\t\t\t\t\t\t\t\tdata-frame_1=\"e:power1.out;sp:1000;\"\n\t\t\t\t\t\t\t\tdata-frame_999=\"y:top;o:0;e:power1.out;st:w;sp:1000;\"\n\t\t\t\t\t\t\t\tstyle=\"z-index:8;\"\n\t\t\t\t\t\t\t><img fetchpriority=\"high\" decoding=\"async\" src=\"\/\/saniflam.com\/cuisines-et-bains\/wp-content\/plugins\/revslider\/sr6\/assets\/assets\/dummy.png\" alt=\"\" class=\"tp-rs-img rs-lazyload\" width=\"700\" height=\"700\" data-lazyload=\"\/\/saniflam.com\/cuisines-et-bains\/wp-content\/uploads\/sites\/2\/2021\/09\/saniflam-cuisines-et-bains-cuisine-industrielle-beton-moderne-ilot.jpg\" data-no-retina> \n\t\t\t\t\t\t\t<\/rs-layer><!--\n\n\t\t\t\t\t\t\t--><rs-layer\n\t\t\t\t\t\t\t\tid=\"slider-1-slide-1-layer-1\" \n\t\t\t\t\t\t\t\tdata-type=\"image\"\n\t\t\t\t\t\t\t\tdata-xy=\"x:c;xo:325px,325px,257px,256px;y:m;\"\n\t\t\t\t\t\t\t\tdata-text=\"w:normal;\"\n\t\t\t\t\t\t\t\tdata-dim=\"w:650px,650px,514px,514px;h:650px,645px,512px,512px;\"\n\t\t\t\t\t\t\t\tdata-rsp_o=\"off\"\n\t\t\t\t\t\t\t\tdata-rsp_bd=\"off\"\n\t\t\t\t\t\t\t\tdata-frame_0=\"y:top;\"\n\t\t\t\t\t\t\t\tdata-frame_1=\"e:power1.out;sp:1000;\"\n\t\t\t\t\t\t\t\tdata-frame_999=\"y:bottom;o:0;e:power1.out;st:w;sp:1000;\"\n\t\t\t\t\t\t\t\tstyle=\"z-index:9;\"\n\t\t\t\t\t\t\t><img decoding=\"async\" src=\"\/\/saniflam.com\/cuisines-et-bains\/wp-content\/plugins\/revslider\/sr6\/assets\/assets\/dummy.png\" alt=\"\" class=\"tp-rs-img rs-lazyload\" width=\"700\" height=\"700\" data-lazyload=\"\/\/saniflam.com\/cuisines-et-bains\/wp-content\/uploads\/sites\/2\/2021\/09\/saniflam-cuisines-et-bains-salle-de-bain-noir-mat-dressing-rangement-delpha.jpg\" data-no-retina> \n\t\t\t\t\t\t\t<\/rs-layer><!--\n-->\t\t\t\t\t<\/rs-slide>\n\t\t\t\t\t\t<rs-slide style=\"position: absolute;\" data-key=\"rs-2\" data-title=\"Slide\" data-anim=\"adpr:false;ms:4000ms;\" data-in=\"o:0;\" data-out=\"a:false;\">\n\t\t\t\t\t\t\t<img decoding=\"async\" src=\"\/\/saniflam.com\/cuisines-et-bains\/wp-content\/plugins\/revslider\/sr6\/assets\/assets\/dummy.png\" alt=\"Slide\" title=\"Cuisines et Bains\" class=\"rev-slidebg tp-rs-img rs-lazyload\" data-lazyload=\"\/\/saniflam.com\/cuisines-et-bains\/wp-content\/plugins\/revslider\/sr6\/assets\/assets\/transparent.png\" data-no-retina>\n<!--\n\t\t\t\t\t\t\t--><rs-layer\n\t\t\t\t\t\t\t\tid=\"slider-1-slide-2-layer-0\" \n\t\t\t\t\t\t\t\tdata-type=\"image\"\n\t\t\t\t\t\t\t\tdata-xy=\"x:c;xo:-325px,-325px,-257px,-256px;y:m;\"\n\t\t\t\t\t\t\t\tdata-text=\"w:normal;\"\n\t\t\t\t\t\t\t\tdata-dim=\"w:650px,650px,514px,514px;h:650px,645px,512px,512px;\"\n\t\t\t\t\t\t\t\tdata-rsp_o=\"off\"\n\t\t\t\t\t\t\t\tdata-rsp_bd=\"off\"\n\t\t\t\t\t\t\t\tdata-frame_0=\"y:bottom;\"\n\t\t\t\t\t\t\t\tdata-frame_1=\"e:power1.out;sp:1000;\"\n\t\t\t\t\t\t\t\tdata-frame_999=\"y:top;o:0;e:power1.out;st:w;sp:1000;\"\n\t\t\t\t\t\t\t\tstyle=\"z-index:8;\"\n\t\t\t\t\t\t\t><img decoding=\"async\" src=\"\/\/saniflam.com\/cuisines-et-bains\/wp-content\/plugins\/revslider\/sr6\/assets\/assets\/dummy.png\" alt=\"\" class=\"tp-rs-img rs-lazyload\" width=\"700\" height=\"700\" data-lazyload=\"\/\/saniflam.com\/cuisines-et-bains\/wp-content\/uploads\/sites\/2\/2021\/09\/saniflam-cuisines-et-bains-cuisine-bois-blanc-deco-ouverte.jpg\" data-no-retina> \n\t\t\t\t\t\t\t<\/rs-layer><!--\n\n\t\t\t\t\t\t\t--><rs-layer\n\t\t\t\t\t\t\t\tid=\"slider-1-slide-2-layer-1\" \n\t\t\t\t\t\t\t\tdata-type=\"image\"\n\t\t\t\t\t\t\t\tdata-xy=\"x:c;xo:325px,325px,257px,256px;y:m;\"\n\t\t\t\t\t\t\t\tdata-text=\"w:normal;\"\n\t\t\t\t\t\t\t\tdata-dim=\"w:650px,650px,514px,514px;h:650px,645px,512px,512px;\"\n\t\t\t\t\t\t\t\tdata-rsp_o=\"off\"\n\t\t\t\t\t\t\t\tdata-rsp_bd=\"off\"\n\t\t\t\t\t\t\t\tdata-frame_0=\"y:top;\"\n\t\t\t\t\t\t\t\tdata-frame_1=\"e:power1.out;sp:1000;\"\n\t\t\t\t\t\t\t\tdata-frame_999=\"y:bottom;o:0;e:power1.out;st:w;sp:1000;\"\n\t\t\t\t\t\t\t\tstyle=\"z-index:9;\"\n\t\t\t\t\t\t\t><img loading=\"lazy\" decoding=\"async\" src=\"\/\/saniflam.com\/cuisines-et-bains\/wp-content\/plugins\/revslider\/sr6\/assets\/assets\/dummy.png\" alt=\"\" class=\"tp-rs-img rs-lazyload\" width=\"700\" height=\"700\" data-lazyload=\"\/\/saniflam.com\/cuisines-et-bains\/wp-content\/uploads\/sites\/2\/2021\/09\/saniflam-cuisines-et-bains-salle-de-bain-noir-mat-paroi-douche-meuble-suspendu-miroir-cadre-accessoire-novellini.jpg\" data-no-retina> \n\t\t\t\t\t\t\t<\/rs-layer><!--\n-->\t\t\t\t\t<\/rs-slide>\n\t\t\t\t\t\t<rs-slide style=\"position: absolute;\" data-key=\"rs-3\" data-title=\"Slide\" data-anim=\"adpr:false;ms:4000ms;\" data-in=\"o:0;\" data-out=\"a:false;\">\n\t\t\t\t\t\t\t<img decoding=\"async\" src=\"\/\/saniflam.com\/cuisines-et-bains\/wp-content\/plugins\/revslider\/sr6\/assets\/assets\/dummy.png\" alt=\"Slide\" title=\"Cuisines et Bains\" class=\"rev-slidebg tp-rs-img rs-lazyload\" data-lazyload=\"\/\/saniflam.com\/cuisines-et-bains\/wp-content\/plugins\/revslider\/sr6\/assets\/assets\/transparent.png\" data-no-retina>\n<!--\n\t\t\t\t\t\t\t--><rs-layer\n\t\t\t\t\t\t\t\tid=\"slider-1-slide-3-layer-0\" \n\t\t\t\t\t\t\t\tdata-type=\"image\"\n\t\t\t\t\t\t\t\tdata-xy=\"x:c;xo:-325px,-325px,-257px,-256px;y:m;\"\n\t\t\t\t\t\t\t\tdata-text=\"w:normal;\"\n\t\t\t\t\t\t\t\tdata-dim=\"w:650px,650px,514px,514px;h:650px,645px,512px,512px;\"\n\t\t\t\t\t\t\t\tdata-rsp_o=\"off\"\n\t\t\t\t\t\t\t\tdata-rsp_bd=\"off\"\n\t\t\t\t\t\t\t\tdata-frame_0=\"y:bottom;\"\n\t\t\t\t\t\t\t\tdata-frame_1=\"e:power1.out;sp:1000;\"\n\t\t\t\t\t\t\t\tdata-frame_999=\"y:top;o:0;e:power1.out;st:w;sp:1000;\"\n\t\t\t\t\t\t\t\tstyle=\"z-index:8;\"\n\t\t\t\t\t\t\t><img loading=\"lazy\" decoding=\"async\" src=\"\/\/saniflam.com\/cuisines-et-bains\/wp-content\/plugins\/revslider\/sr6\/assets\/assets\/dummy.png\" alt=\"\" class=\"tp-rs-img rs-lazyload\" width=\"700\" height=\"700\" data-lazyload=\"\/\/saniflam.com\/cuisines-et-bains\/wp-content\/uploads\/sites\/2\/2021\/09\/saniflam-cuisines-et-bains-cuisine-moderne-sans-poignee-pastel-ilot.jpg\" data-no-retina> \n\t\t\t\t\t\t\t<\/rs-layer><!--\n\n\t\t\t\t\t\t\t--><rs-layer\n\t\t\t\t\t\t\t\tid=\"slider-1-slide-3-layer-1\" \n\t\t\t\t\t\t\t\tdata-type=\"image\"\n\t\t\t\t\t\t\t\tdata-xy=\"x:c;xo:325px,325px,257px,256px;y:m;\"\n\t\t\t\t\t\t\t\tdata-text=\"w:normal;\"\n\t\t\t\t\t\t\t\tdata-dim=\"w:650px,650px,514px,514px;h:650px,645px,512px,512px;\"\n\t\t\t\t\t\t\t\tdata-rsp_o=\"off\"\n\t\t\t\t\t\t\t\tdata-rsp_bd=\"off\"\n\t\t\t\t\t\t\t\tdata-frame_0=\"y:top;\"\n\t\t\t\t\t\t\t\tdata-frame_1=\"e:power1.out;sp:1000;\"\n\t\t\t\t\t\t\t\tdata-frame_999=\"y:bottom;o:0;e:power1.out;st:w;sp:1000;\"\n\t\t\t\t\t\t\t\tstyle=\"z-index:9;\"\n\t\t\t\t\t\t\t><img loading=\"lazy\" decoding=\"async\" src=\"\/\/saniflam.com\/cuisines-et-bains\/wp-content\/plugins\/revslider\/sr6\/assets\/assets\/dummy.png\" alt=\"\" class=\"tp-rs-img rs-lazyload\" width=\"700\" height=\"700\" data-lazyload=\"\/\/saniflam.com\/cuisines-et-bains\/wp-content\/uploads\/sites\/2\/2021\/09\/saniflam-cuisines-et-bains-salle-de-bain-meuble-suspendu-laque-miroir-verriere-eclaire-paroi-douche-industriel-sanijura.jpg\" data-no-retina> \n\t\t\t\t\t\t\t<\/rs-layer><!--\n-->\t\t\t\t\t<\/rs-slide>\n\t\t\t\t\t<\/rs-slides>\n\t\t\t\t<\/rs-module>\n\t\t\t\t<script>\n\t\t\t\t\tsetREVStartSize({c: 'rev_slider_1_1',rl:[1240,1024,778,480],el:[645,550,512,512],gw:[1300,1100,778,480],gh:[645,550,512,512],type:'standard',justify:'',layout:'fullwidth',mh:\"0\"});if (window.RS_MODULES!==undefined && window.RS_MODULES.modules!==undefined && window.RS_MODULES.modules[\"revslider11\"]!==undefined) {window.RS_MODULES.modules[\"revslider11\"].once = false;window.revapi1 = undefined;if (window.RS_MODULES.checkMinimal!==undefined) window.RS_MODULES.checkMinimal()}\n\t\t\t\t<\/script>\n\t\t\t<\/rs-module-wrap>\n\t\t\t<!-- END REVOLUTION SLIDER -->\n<\/div>\n\n\t\t\t\t\t\t<\/div>\n\t\t\t\t<\/div>\n\t\t\t\t\t<\/div>\n\t\t<\/div>\n\t\t\t\t\t<\/div>\n\t\t<\/section>\n\t\t\t\t<section class=\"elementor-section elementor-top-section elementor-element elementor-element-dc3d7c4 elementor-section-full_width elementor-hidden-desktop elementor-hidden-tablet elementor-section-height-default elementor-section-height-default parallax_section_no qode_elementor_container_no\" data-id=\"dc3d7c4\" data-element_type=\"section\" data-e-type=\"section\" data-settings=\"{&quot;background_background&quot;:&quot;classic&quot;,&quot;animation&quot;:&quot;none&quot;}\">\n\t\t\t\t\t\t<div class=\"elementor-container elementor-column-gap-no\">\n\t\t\t\t\t<div class=\"elementor-column elementor-col-100 elementor-top-column elementor-element elementor-element-04cab34 elementor-invisible\" data-id=\"04cab34\" data-element_type=\"column\" data-e-type=\"column\" data-settings=\"{&quot;background_background&quot;:&quot;classic&quot;,&quot;animation&quot;:&quot;fadeInRight&quot;}\">\n\t\t\t<div class=\"elementor-widget-wrap elementor-element-populated\">\n\t\t\t\t\t\t<div class=\"elementor-element elementor-element-7f9b9a4 elementor-widget elementor-widget-image\" data-id=\"7f9b9a4\" data-element_type=\"widget\" data-e-type=\"widget\" data-widget_type=\"image.default\">\n\t\t\t\t<div class=\"elementor-widget-container\">\n\t\t\t\t\t\t\t\t\t\t\t\t\t\t\t<img loading=\"lazy\" decoding=\"async\" width=\"800\" height=\"462\" src=\"https:\/\/saniflam.com\/cuisines-et-bains\/wp-content\/uploads\/sites\/2\/2021\/09\/saniflam-cuisines-et-bains-cuisine-bois-massif-laque-rustique-ilot-piano-cuisson.jpg\" class=\"attachment-full size-full wp-image-1216\" alt=\"saniflam cuisines et bains cuisine bois massif laque rustique ilot piano cuisson\" srcset=\"https:\/\/saniflam.com\/cuisines-et-bains\/wp-content\/uploads\/sites\/2\/2021\/09\/saniflam-cuisines-et-bains-cuisine-bois-massif-laque-rustique-ilot-piano-cuisson.jpg 800w, https:\/\/saniflam.com\/cuisines-et-bains\/wp-content\/uploads\/sites\/2\/2021\/09\/saniflam-cuisines-et-bains-cuisine-bois-massif-laque-rustique-ilot-piano-cuisson-300x173.jpg 300w, https:\/\/saniflam.com\/cuisines-et-bains\/wp-content\/uploads\/sites\/2\/2021\/09\/saniflam-cuisines-et-bains-cuisine-bois-massif-laque-rustique-ilot-piano-cuisson-768x444.jpg 768w, https:\/\/saniflam.com\/cuisines-et-bains\/wp-content\/uploads\/sites\/2\/2021\/09\/saniflam-cuisines-et-bains-cuisine-bois-massif-laque-rustique-ilot-piano-cuisson-345x198.jpg 345w, https:\/\/saniflam.com\/cuisines-et-bains\/wp-content\/uploads\/sites\/2\/2021\/09\/saniflam-cuisines-et-bains-cuisine-bois-massif-laque-rustique-ilot-piano-cuisson-700x404.jpg 700w\" sizes=\"(max-width: 800px) 100vw, 800px\" \/>\t\t\t\t\t\t\t\t\t\t\t\t\t\t\t<\/div>\n\t\t\t\t<\/div>\n\t\t\t\t\t<\/div>\n\t\t<\/div>\n\t\t\t\t\t<\/div>\n\t\t<\/section>\n\t\t\t\t<section class=\"elementor-section elementor-top-section elementor-element elementor-element-6cd25c7 elementor-section-full_width elementor-section-height-default elementor-section-height-default parallax_section_no qode_elementor_container_no\" data-id=\"6cd25c7\" data-element_type=\"section\" data-e-type=\"section\" data-settings=\"{&quot;background_background&quot;:&quot;classic&quot;,&quot;animation&quot;:&quot;none&quot;}\">\n\t\t\t\t\t\t<div class=\"elementor-container elementor-column-gap-no\">\n\t\t\t\t\t<div class=\"elementor-column elementor-col-100 elementor-top-column elementor-element elementor-element-4913052 elementor-invisible\" data-id=\"4913052\" data-element_type=\"column\" data-e-type=\"column\" data-settings=\"{&quot;background_background&quot;:&quot;classic&quot;,&quot;animation&quot;:&quot;fadeInRight&quot;}\">\n\t\t\t<div class=\"elementor-widget-wrap elementor-element-populated\">\n\t\t\t\t\t\t<section class=\"elementor-section elementor-inner-section elementor-element elementor-element-8f93cde elementor-section-full_width qode_elementor_container_inner elementor-section-height-default elementor-section-height-default parallax_section_no\" data-id=\"8f93cde\" data-element_type=\"section\" data-e-type=\"section\">\n\t\t\t\t\t\t<div class=\"elementor-container elementor-column-gap-default\">\n\t\t\t\t\t<div class=\"elementor-column elementor-col-100 elementor-inner-column elementor-element elementor-element-844d6c8\" data-id=\"844d6c8\" data-element_type=\"column\" data-e-type=\"column\">\n\t\t\t<div class=\"elementor-widget-wrap elementor-element-populated\">\n\t\t\t\t\t\t<div class=\"elementor-element elementor-element-96305ae elementor-widget elementor-widget-heading\" data-id=\"96305ae\" data-element_type=\"widget\" data-e-type=\"widget\" data-widget_type=\"heading.default\">\n\t\t\t\t<div class=\"elementor-widget-container\">\n\t\t\t\t\t<h1 class=\"elementor-heading-title elementor-size-default\">Conception et \u00e9quipement de cuisines et salles de bains<\/h1>\t\t\t\t<\/div>\n\t\t\t\t<\/div>\n\t\t\t\t<div class=\"elementor-element elementor-element-cfbb440 elementor-widget elementor-widget-text-editor\" data-id=\"cfbb440\" data-element_type=\"widget\" data-e-type=\"widget\" data-widget_type=\"text-editor.default\">\n\t\t\t\t<div class=\"elementor-widget-container\">\n\t\t\t\t\t\t\t\t\t<h5>SANIFLAM Cuisines et Bains, vous aide \u00e0 cr\u00e9er votre cuisine ou votre salle de bains et vous fournit tous les \u00e9l\u00e9ments mobiliers et sanitaires n\u00e9cessaires. Situ\u00e9e \u00e0 Bourg-Saint-Maurice, en Savoie, l\u2019enseigne intervient dans toute la Tarentaise, voire au-del\u00e0 selon les demandes.<\/h5>\t\t\t\t\t\t\t\t<\/div>\n\t\t\t\t<\/div>\n\t\t\t\t<div class=\"elementor-element elementor-element-b204e2a elementor-widget elementor-widget-spacer\" data-id=\"b204e2a\" data-element_type=\"widget\" data-e-type=\"widget\" data-widget_type=\"spacer.default\">\n\t\t\t\t<div class=\"elementor-widget-container\">\n\t\t\t\t\t\t\t<div class=\"elementor-spacer\">\n\t\t\t<div class=\"elementor-spacer-inner\"><\/div>\n\t\t<\/div>\n\t\t\t\t\t\t<\/div>\n\t\t\t\t<\/div>\n\t\t\t\t\t<\/div>\n\t\t<\/div>\n\t\t\t\t\t<\/div>\n\t\t<\/section>\n\t\t\t\t\t<\/div>\n\t\t<\/div>\n\t\t\t\t\t<\/div>\n\t\t<\/section>\n\t\t\t\t<section class=\"elementor-section elementor-top-section elementor-element elementor-element-8d83e46 elementor-section-full_width elementor-section-height-default elementor-section-height-default parallax_section_no qode_elementor_container_no\" data-id=\"8d83e46\" data-element_type=\"section\" data-e-type=\"section\" data-settings=\"{&quot;background_background&quot;:&quot;classic&quot;}\">\n\t\t\t\t\t\t<div class=\"elementor-container elementor-column-gap-no\">\n\t\t\t\t\t<div class=\"elementor-column elementor-col-100 elementor-top-column elementor-element elementor-element-c071ecd\" data-id=\"c071ecd\" data-element_type=\"column\" data-e-type=\"column\" data-settings=\"{&quot;background_background&quot;:&quot;classic&quot;}\">\n\t\t\t<div class=\"elementor-widget-wrap elementor-element-populated\">\n\t\t\t\t\t\t<section class=\"elementor-section elementor-inner-section elementor-element elementor-element-7c0d132 elementor-section-full_width qode_elementor_container_inner elementor-section-height-default elementor-section-height-default parallax_section_no\" data-id=\"7c0d132\" data-element_type=\"section\" data-e-type=\"section\">\n\t\t\t\t\t\t<div class=\"elementor-container elementor-column-gap-default\">\n\t\t\t\t\t<div class=\"elementor-column elementor-col-50 elementor-inner-column elementor-element elementor-element-57b7d72\" data-id=\"57b7d72\" data-element_type=\"column\" data-e-type=\"column\">\n\t\t\t<div class=\"elementor-widget-wrap elementor-element-populated\">\n\t\t\t\t\t\t<div class=\"elementor-element elementor-element-5761204 elementor-widget elementor-widget-text-editor\" data-id=\"5761204\" data-element_type=\"widget\" data-e-type=\"widget\" data-widget_type=\"text-editor.default\">\n\t\t\t\t<div class=\"elementor-widget-container\">\n\t\t\t\t\t\t\t\t\t<h3>Vous \u00eates un particulier<\/h2>\t\t\t\t\t\t\t\t<\/div>\n\t\t\t\t<\/div>\n\t\t\t\t<div class=\"elementor-element elementor-element-44e1871 elementor-widget elementor-widget-text-editor\" data-id=\"44e1871\" data-element_type=\"widget\" data-e-type=\"widget\" data-widget_type=\"text-editor.default\">\n\t\t\t\t<div class=\"elementor-widget-container\">\n\t\t\t\t\t\t\t\t\t<h4><strong>Vous avez un projet de r\u00e9novation ou cr\u00e9ation d\u2019une cuisine, une salle de bains\u2026<\/strong><\/h4>\t\t\t\t\t\t\t\t<\/div>\n\t\t\t\t<\/div>\n\t\t\t\t<div class=\"elementor-element elementor-element-f835706 elementor-widget elementor-widget-spacer\" data-id=\"f835706\" data-element_type=\"widget\" data-e-type=\"widget\" data-widget_type=\"spacer.default\">\n\t\t\t\t<div class=\"elementor-widget-container\">\n\t\t\t\t\t\t\t<div class=\"elementor-spacer\">\n\t\t\t<div class=\"elementor-spacer-inner\"><\/div>\n\t\t<\/div>\n\t\t\t\t\t\t<\/div>\n\t\t\t\t<\/div>\n\t\t\t\t<div class=\"elementor-element elementor-element-6a81a04 elementor-widget elementor-widget-bridge_button\" data-id=\"6a81a04\" data-element_type=\"widget\" data-e-type=\"widget\" data-widget_type=\"bridge_button.default\">\n\t\t\t\t<div class=\"elementor-widget-container\">\n\t\t\t\t\t<a  itemprop=\"url\" href=\"https:\/\/saniflam.com\/cuisines-et-bains\/#particulier\" target=\"_self\"  class=\"qbutton  default anchor\" style=\"\">En savoir plus &gt;&gt;&gt;<\/a>\t\t\t\t<\/div>\n\t\t\t\t<\/div>\n\t\t\t\t\t<\/div>\n\t\t<\/div>\n\t\t\t\t<div class=\"elementor-column elementor-col-50 elementor-inner-column elementor-element elementor-element-184747e\" data-id=\"184747e\" data-element_type=\"column\" data-e-type=\"column\">\n\t\t\t<div class=\"elementor-widget-wrap elementor-element-populated\">\n\t\t\t\t\t\t<div class=\"elementor-element elementor-element-57afae8 elementor-widget elementor-widget-text-editor\" data-id=\"57afae8\" data-element_type=\"widget\" data-e-type=\"widget\" data-widget_type=\"text-editor.default\">\n\t\t\t\t<div class=\"elementor-widget-container\">\n\t\t\t\t\t\t\t\t\t<h3>Vous \u00eates un<\/h3>\n<h3>artisan<\/h3>\t\t\t\t\t\t\t\t<\/div>\n\t\t\t\t<\/div>\n\t\t\t\t<div class=\"elementor-element elementor-element-665f6da elementor-widget elementor-widget-text-editor\" data-id=\"665f6da\" data-element_type=\"widget\" data-e-type=\"widget\" data-widget_type=\"text-editor.default\">\n\t\t\t\t<div class=\"elementor-widget-container\">\n\t\t\t\t\t\t\t\t\t<h4><strong>Installateur, plombier, menuisier ou multi-sp\u00e9cialiste\u2026<\/strong><\/h4>\t\t\t\t\t\t\t\t<\/div>\n\t\t\t\t<\/div>\n\t\t\t\t<div class=\"elementor-element elementor-element-a557b8f elementor-widget elementor-widget-spacer\" data-id=\"a557b8f\" data-element_type=\"widget\" data-e-type=\"widget\" data-widget_type=\"spacer.default\">\n\t\t\t\t<div class=\"elementor-widget-container\">\n\t\t\t\t\t\t\t<div class=\"elementor-spacer\">\n\t\t\t<div class=\"elementor-spacer-inner\"><\/div>\n\t\t<\/div>\n\t\t\t\t\t\t<\/div>\n\t\t\t\t<\/div>\n\t\t\t\t<div class=\"elementor-element elementor-element-3053185 elementor-widget elementor-widget-bridge_button\" data-id=\"3053185\" data-element_type=\"widget\" data-e-type=\"widget\" data-widget_type=\"bridge_button.default\">\n\t\t\t\t<div class=\"elementor-widget-container\">\n\t\t\t\t\t<a  itemprop=\"url\" href=\"https:\/\/saniflam.com\/cuisines-et-bains\/#artisan\" target=\"_self\"  class=\"qbutton  default anchor\" style=\"\">En savoir plus &gt;&gt;&gt;<\/a>\t\t\t\t<\/div>\n\t\t\t\t<\/div>\n\t\t\t\t\t<\/div>\n\t\t<\/div>\n\t\t\t\t\t<\/div>\n\t\t<\/section>\n\t\t\t\t\t<\/div>\n\t\t<\/div>\n\t\t\t\t\t<\/div>\n\t\t<\/section>\n\t\t\t\t<section class=\"elementor-section elementor-top-section elementor-element elementor-element-b3254a2 elementor-section-full_width elementor-section-height-default elementor-section-height-default parallax_section_no qode_elementor_container_no\" data-id=\"b3254a2\" data-element_type=\"section\" data-e-type=\"section\" data-settings=\"{&quot;background_background&quot;:&quot;classic&quot;}\">\n\t\t\t\t\t\t<div class=\"elementor-container elementor-column-gap-no\">\n\t\t\t\t\t<div class=\"elementor-column elementor-col-100 elementor-top-column elementor-element elementor-element-30b3cb3\" data-id=\"30b3cb3\" data-element_type=\"column\" data-e-type=\"column\" data-settings=\"{&quot;background_background&quot;:&quot;classic&quot;}\">\n\t\t\t<div class=\"elementor-widget-wrap elementor-element-populated\">\n\t\t\t\t\t\t<div class=\"elementor-element elementor-element-8faf0ee elementor-widget-divider--view-line elementor-widget elementor-widget-divider\" data-id=\"8faf0ee\" data-element_type=\"widget\" data-e-type=\"widget\" data-widget_type=\"divider.default\">\n\t\t\t\t<div class=\"elementor-widget-container\">\n\t\t\t\t\t\t\t<div class=\"elementor-divider\">\n\t\t\t<span class=\"elementor-divider-separator\">\n\t\t\t\t\t\t<\/span>\n\t\t<\/div>\n\t\t\t\t\t\t<\/div>\n\t\t\t\t<\/div>\n\t\t\t\t<section class=\"elementor-section elementor-inner-section elementor-element elementor-element-0ec4e7f elementor-section-full_width qode_elementor_container_inner elementor-section-height-default elementor-section-height-default parallax_section_no\" data-id=\"0ec4e7f\" data-element_type=\"section\" data-e-type=\"section\">\n\t\t\t\t\t\t<div class=\"elementor-container elementor-column-gap-default\">\n\t\t\t\t\t<div class=\"elementor-column elementor-col-100 elementor-inner-column elementor-element elementor-element-e17f9dd\" data-id=\"e17f9dd\" data-element_type=\"column\" data-e-type=\"column\">\n\t\t\t<div class=\"elementor-widget-wrap elementor-element-populated\">\n\t\t\t\t\t\t<div class=\"elementor-element elementor-element-016e13a elementor-widget elementor-widget-heading\" data-id=\"016e13a\" data-element_type=\"widget\" data-e-type=\"widget\" data-widget_type=\"heading.default\">\n\t\t\t\t<div class=\"elementor-widget-container\">\n\t\t\t\t\t<h3 class=\"elementor-heading-title elementor-size-default\">Venez visiter notre nouvelle exposition<\/h3>\t\t\t\t<\/div>\n\t\t\t\t<\/div>\n\t\t\t\t<div class=\"elementor-element elementor-element-2b2bbd5 elementor-widget elementor-widget-spacer\" data-id=\"2b2bbd5\" data-element_type=\"widget\" data-e-type=\"widget\" data-widget_type=\"spacer.default\">\n\t\t\t\t<div class=\"elementor-widget-container\">\n\t\t\t\t\t\t\t<div class=\"elementor-spacer\">\n\t\t\t<div class=\"elementor-spacer-inner\"><\/div>\n\t\t<\/div>\n\t\t\t\t\t\t<\/div>\n\t\t\t\t<\/div>\n\t\t\t\t\t<\/div>\n\t\t<\/div>\n\t\t\t\t\t<\/div>\n\t\t<\/section>\n\t\t\t\t<section class=\"elementor-section elementor-inner-section elementor-element elementor-element-c691a15 elementor-section-full_width qode_elementor_container_inner elementor-section-height-default elementor-section-height-default parallax_section_no\" data-id=\"c691a15\" data-element_type=\"section\" data-e-type=\"section\">\n\t\t\t\t\t\t<div class=\"elementor-container elementor-column-gap-no\">\n\t\t\t\t\t<div class=\"elementor-column elementor-col-25 elementor-inner-column elementor-element elementor-element-e840d8b\" data-id=\"e840d8b\" data-element_type=\"column\" data-e-type=\"column\">\n\t\t\t<div class=\"elementor-widget-wrap elementor-element-populated\">\n\t\t\t\t\t\t<div class=\"elementor-element elementor-element-358038f elementor-widget elementor-widget-image\" data-id=\"358038f\" data-element_type=\"widget\" data-e-type=\"widget\" data-widget_type=\"image.default\">\n\t\t\t\t<div class=\"elementor-widget-container\">\n\t\t\t\t\t\t\t\t\t\t\t\t\t\t\t<img loading=\"lazy\" decoding=\"async\" width=\"300\" height=\"173\" src=\"https:\/\/saniflam.com\/cuisines-et-bains\/wp-content\/uploads\/sites\/2\/2021\/09\/saniflam-cuisines-et-bains-cuisine-bois-massif-laque-rustique-ilot-piano-cuisson-3-300x173.jpg\" class=\"attachment-medium size-medium wp-image-1184\" alt=\"\" srcset=\"https:\/\/saniflam.com\/cuisines-et-bains\/wp-content\/uploads\/sites\/2\/2021\/09\/saniflam-cuisines-et-bains-cuisine-bois-massif-laque-rustique-ilot-piano-cuisson-3-300x173.jpg 300w, https:\/\/saniflam.com\/cuisines-et-bains\/wp-content\/uploads\/sites\/2\/2021\/09\/saniflam-cuisines-et-bains-cuisine-bois-massif-laque-rustique-ilot-piano-cuisson-3-345x198.jpg 345w, https:\/\/saniflam.com\/cuisines-et-bains\/wp-content\/uploads\/sites\/2\/2021\/09\/saniflam-cuisines-et-bains-cuisine-bois-massif-laque-rustique-ilot-piano-cuisson-3.jpg 500w\" sizes=\"(max-width: 300px) 100vw, 300px\" \/>\t\t\t\t\t\t\t\t\t\t\t\t\t\t\t<\/div>\n\t\t\t\t<\/div>\n\t\t\t\t\t<\/div>\n\t\t<\/div>\n\t\t\t\t<div class=\"elementor-column elementor-col-25 elementor-inner-column elementor-element elementor-element-de9c17e\" data-id=\"de9c17e\" data-element_type=\"column\" data-e-type=\"column\">\n\t\t\t<div class=\"elementor-widget-wrap elementor-element-populated\">\n\t\t\t\t\t\t<div class=\"elementor-element elementor-element-53b391e elementor-widget elementor-widget-image\" data-id=\"53b391e\" data-element_type=\"widget\" data-e-type=\"widget\" data-widget_type=\"image.default\">\n\t\t\t\t<div class=\"elementor-widget-container\">\n\t\t\t\t\t\t\t\t\t\t\t\t\t\t\t<img loading=\"lazy\" decoding=\"async\" width=\"300\" height=\"173\" src=\"https:\/\/saniflam.com\/cuisines-et-bains\/wp-content\/uploads\/sites\/2\/2021\/09\/saniflam-cuisines-et-bains-cuisine-laque-mate-meuble-arrondi-300x173.jpg\" class=\"attachment-medium size-medium wp-image-1181\" alt=\"\" srcset=\"https:\/\/saniflam.com\/cuisines-et-bains\/wp-content\/uploads\/sites\/2\/2021\/09\/saniflam-cuisines-et-bains-cuisine-laque-mate-meuble-arrondi-300x173.jpg 300w, https:\/\/saniflam.com\/cuisines-et-bains\/wp-content\/uploads\/sites\/2\/2021\/09\/saniflam-cuisines-et-bains-cuisine-laque-mate-meuble-arrondi-345x198.jpg 345w, https:\/\/saniflam.com\/cuisines-et-bains\/wp-content\/uploads\/sites\/2\/2021\/09\/saniflam-cuisines-et-bains-cuisine-laque-mate-meuble-arrondi.jpg 500w\" sizes=\"(max-width: 300px) 100vw, 300px\" \/>\t\t\t\t\t\t\t\t\t\t\t\t\t\t\t<\/div>\n\t\t\t\t<\/div>\n\t\t\t\t\t<\/div>\n\t\t<\/div>\n\t\t\t\t<div class=\"elementor-column elementor-col-25 elementor-inner-column elementor-element elementor-element-d389cfe\" data-id=\"d389cfe\" data-element_type=\"column\" data-e-type=\"column\">\n\t\t\t<div class=\"elementor-widget-wrap elementor-element-populated\">\n\t\t\t\t\t\t<div class=\"elementor-element elementor-element-8e92e4f elementor-widget elementor-widget-image\" data-id=\"8e92e4f\" data-element_type=\"widget\" data-e-type=\"widget\" data-widget_type=\"image.default\">\n\t\t\t\t<div class=\"elementor-widget-container\">\n\t\t\t\t\t\t\t\t\t\t\t\t\t\t\t<img loading=\"lazy\" decoding=\"async\" width=\"300\" height=\"173\" src=\"https:\/\/saniflam.com\/cuisines-et-bains\/wp-content\/uploads\/sites\/2\/2021\/09\/saniflam-cuisines-et-bains-salle-de-bain-vasque-poser-plan-bois-terracotta-roca-300x173.jpg\" class=\"attachment-medium size-medium wp-image-1183\" alt=\"\" srcset=\"https:\/\/saniflam.com\/cuisines-et-bains\/wp-content\/uploads\/sites\/2\/2021\/09\/saniflam-cuisines-et-bains-salle-de-bain-vasque-poser-plan-bois-terracotta-roca-300x173.jpg 300w, https:\/\/saniflam.com\/cuisines-et-bains\/wp-content\/uploads\/sites\/2\/2021\/09\/saniflam-cuisines-et-bains-salle-de-bain-vasque-poser-plan-bois-terracotta-roca-345x198.jpg 345w, https:\/\/saniflam.com\/cuisines-et-bains\/wp-content\/uploads\/sites\/2\/2021\/09\/saniflam-cuisines-et-bains-salle-de-bain-vasque-poser-plan-bois-terracotta-roca.jpg 500w\" sizes=\"(max-width: 300px) 100vw, 300px\" \/>\t\t\t\t\t\t\t\t\t\t\t\t\t\t\t<\/div>\n\t\t\t\t<\/div>\n\t\t\t\t\t<\/div>\n\t\t<\/div>\n\t\t\t\t<div class=\"elementor-column elementor-col-25 elementor-inner-column elementor-element elementor-element-caf747c\" data-id=\"caf747c\" data-element_type=\"column\" data-e-type=\"column\">\n\t\t\t<div class=\"elementor-widget-wrap elementor-element-populated\">\n\t\t\t\t\t\t<div class=\"elementor-element elementor-element-3159794 elementor-widget elementor-widget-image\" data-id=\"3159794\" data-element_type=\"widget\" data-e-type=\"widget\" data-widget_type=\"image.default\">\n\t\t\t\t<div class=\"elementor-widget-container\">\n\t\t\t\t\t\t\t\t\t\t\t\t\t\t\t<img loading=\"lazy\" decoding=\"async\" width=\"300\" height=\"173\" src=\"https:\/\/saniflam.com\/cuisines-et-bains\/wp-content\/uploads\/sites\/2\/2021\/09\/saniflam-cuisines-et-bains-salle-de-bain-accessoire-rangement-tiroir-delpha-300x173.jpg\" class=\"attachment-medium size-medium wp-image-1182\" alt=\"\" srcset=\"https:\/\/saniflam.com\/cuisines-et-bains\/wp-content\/uploads\/sites\/2\/2021\/09\/saniflam-cuisines-et-bains-salle-de-bain-accessoire-rangement-tiroir-delpha-300x173.jpg 300w, https:\/\/saniflam.com\/cuisines-et-bains\/wp-content\/uploads\/sites\/2\/2021\/09\/saniflam-cuisines-et-bains-salle-de-bain-accessoire-rangement-tiroir-delpha-345x198.jpg 345w, https:\/\/saniflam.com\/cuisines-et-bains\/wp-content\/uploads\/sites\/2\/2021\/09\/saniflam-cuisines-et-bains-salle-de-bain-accessoire-rangement-tiroir-delpha.jpg 500w\" sizes=\"(max-width: 300px) 100vw, 300px\" \/>\t\t\t\t\t\t\t\t\t\t\t\t\t\t\t<\/div>\n\t\t\t\t<\/div>\n\t\t\t\t\t<\/div>\n\t\t<\/div>\n\t\t\t\t\t<\/div>\n\t\t<\/section>\n\t\t\t\t<section class=\"elementor-section elementor-inner-section elementor-element elementor-element-4903f9c elementor-section-full_width qode_elementor_container_inner elementor-section-height-default elementor-section-height-default parallax_section_no elementor-invisible\" data-id=\"4903f9c\" data-element_type=\"section\" data-e-type=\"section\" data-settings=\"{&quot;animation&quot;:&quot;fadeInRight&quot;}\">\n\t\t\t\t\t\t<div class=\"elementor-container elementor-column-gap-default\">\n\t\t\t\t\t<div class=\"elementor-column elementor-col-100 elementor-inner-column elementor-element elementor-element-0d74178\" data-id=\"0d74178\" data-element_type=\"column\" data-e-type=\"column\">\n\t\t\t<div class=\"elementor-widget-wrap elementor-element-populated\">\n\t\t\t\t\t\t<div class=\"elementor-element elementor-element-1ac06d5 elementor-widget elementor-widget-text-editor\" data-id=\"1ac06d5\" data-element_type=\"widget\" data-e-type=\"widget\" data-widget_type=\"text-editor.default\">\n\t\t\t\t<div class=\"elementor-widget-container\">\n\t\t\t\t\t\t\t\t\t<h4>Dans cette exposition vous d\u00e9couvrirez plusieurs am\u00e9nagements de cuisine, avec meubles et \u00e9lectrom\u00e9nagers. De la kitchenette pour petit appartement de montagne \u00e0 la cuisine familiale spacieuse avec ilot, cette exposition pr\u00e9sente une gamme \u00e9tendue de cuisines, du bon rapport qualit\u00e9\/prix jusqu\u2019au plus haut de gamme. Elle vous permettra d\u2019appr\u00e9cier la qualit\u00e9 du mobilier Charles REMA, notre fournisseur. Quelques meubles de salles de bain, des mod\u00e8les de robinetterie et des accessoires compl\u00e8tent cette exposition.<\/h4>\t\t\t\t\t\t\t\t<\/div>\n\t\t\t\t<\/div>\n\t\t\t\t<div class=\"elementor-element elementor-element-723d2c3 elementor-widget elementor-widget-text-editor\" data-id=\"723d2c3\" data-element_type=\"widget\" data-e-type=\"widget\" data-widget_type=\"text-editor.default\">\n\t\t\t\t<div class=\"elementor-widget-container\">\n\t\t\t\t\t\t\t\t\t<h4><strong>L\u2019exposition est ouverte du lundi au jeudi de 9h \u00e0 12h et de 14h \u00e0 17h et le vendredi sur rendez-vous.<\/strong><\/h4>\t\t\t\t\t\t\t\t<\/div>\n\t\t\t\t<\/div>\n\t\t\t\t<div class=\"elementor-element elementor-element-cf4ff69 elementor-widget elementor-widget-spacer\" data-id=\"cf4ff69\" data-element_type=\"widget\" data-e-type=\"widget\" data-widget_type=\"spacer.default\">\n\t\t\t\t<div class=\"elementor-widget-container\">\n\t\t\t\t\t\t\t<div class=\"elementor-spacer\">\n\t\t\t<div class=\"elementor-spacer-inner\"><\/div>\n\t\t<\/div>\n\t\t\t\t\t\t<\/div>\n\t\t\t\t<\/div>\n\t\t\t\t\t<\/div>\n\t\t<\/div>\n\t\t\t\t\t<\/div>\n\t\t<\/section>\n\t\t\t\t\t<\/div>\n\t\t<\/div>\n\t\t\t\t\t<\/div>\n\t\t<\/section>\n\t\t\t\t<section style=\"background-image: url(https:\/\/saniflam.com\/cuisines-et-bains\/wp-content\/uploads\/sites\/2\/2021\/09\/saniflam-cuisines-et-bains-cuisine-laque-mate-arrondi-ilot-sur-mesure-amenagement.jpg);\" class=\"parallax_section_holder elementor-section elementor-top-section elementor-element elementor-element-da8d2ae elementor-section-full_width parallax_section_holder elementor-section-content-middle elementor-hidden-tablet elementor-hidden-phone elementor-section-height-default elementor-section-height-default qode_elementor_container_no\" data-speed=\"0\" data-id=\"da8d2ae\" data-element_type=\"section\" data-e-type=\"section\" data-settings=\"{&quot;qode_parallax_image&quot;:{&quot;url&quot;:&quot;https:\\\/\\\/saniflam.com\\\/cuisines-et-bains\\\/wp-content\\\/uploads\\\/sites\\\/2\\\/2021\\\/09\\\/saniflam-cuisines-et-bains-cuisine-laque-mate-arrondi-ilot-sur-mesure-amenagement.jpg&quot;,&quot;id&quot;:&quot;1188&quot;,&quot;size&quot;:&quot;&quot;,&quot;alt&quot;:&quot;&quot;,&quot;source&quot;:&quot;library&quot;},&quot;background_background&quot;:&quot;classic&quot;}\">\n\t\t\t\t\t\t<div class=\"elementor-container elementor-column-gap-default\">\n\t\t\t\t\t<div class=\"elementor-column elementor-col-100 elementor-top-column elementor-element elementor-element-743cb66\" data-id=\"743cb66\" data-element_type=\"column\" data-e-type=\"column\" data-settings=\"{&quot;background_background&quot;:&quot;classic&quot;}\">\n\t\t\t<div class=\"elementor-widget-wrap elementor-element-populated\">\n\t\t\t\t\t\t<div class=\"elementor-element elementor-element-91f5fbd elementor-widget elementor-widget-spacer\" data-id=\"91f5fbd\" data-element_type=\"widget\" data-e-type=\"widget\" data-widget_type=\"spacer.default\">\n\t\t\t\t<div class=\"elementor-widget-container\">\n\t\t\t\t\t\t\t<div class=\"elementor-spacer\">\n\t\t\t<div class=\"elementor-spacer-inner\"><\/div>\n\t\t<\/div>\n\t\t\t\t\t\t<\/div>\n\t\t\t\t<\/div>\n\t\t\t\t\t<\/div>\n\t\t<\/div>\n\t\t\t\t\t<\/div>\n\t\t<\/section>\n\t\t\t\t<section class=\"elementor-section elementor-top-section elementor-element elementor-element-5487dd7 elementor-hidden-tablet elementor-hidden-phone elementor-section-boxed elementor-section-height-default elementor-section-height-default parallax_section_no qode_elementor_container_no\" data-id=\"5487dd7\" data-element_type=\"section\" data-e-type=\"section\" data-settings=\"{&quot;background_background&quot;:&quot;classic&quot;}\">\n\t\t\t\t\t\t<div class=\"elementor-container elementor-column-gap-default\">\n\t\t\t\t\t<div class=\"elementor-column elementor-col-100 elementor-top-column elementor-element elementor-element-b223b66\" data-id=\"b223b66\" data-element_type=\"column\" data-e-type=\"column\">\n\t\t\t<div class=\"elementor-widget-wrap elementor-element-populated\">\n\t\t\t\t\t\t<div class=\"elementor-element elementor-element-203d138 elementor-widget elementor-widget-spacer\" data-id=\"203d138\" data-element_type=\"widget\" data-e-type=\"widget\" data-widget_type=\"spacer.default\">\n\t\t\t\t<div class=\"elementor-widget-container\">\n\t\t\t\t\t\t\t<div class=\"elementor-spacer\">\n\t\t\t<div class=\"elementor-spacer-inner\"><\/div>\n\t\t<\/div>\n\t\t\t\t\t\t<\/div>\n\t\t\t\t<\/div>\n\t\t\t\t\t<\/div>\n\t\t<\/div>\n\t\t\t\t\t<\/div>\n\t\t<\/section>\n\t\t\t\t<section data-q_id=\"#particulier\" class=\"elementor-section elementor-top-section elementor-element elementor-element-dda30dc elementor-section-full_width elementor-section-height-default elementor-section-height-default parallax_section_no qode_elementor_container_no\" data-id=\"dda30dc\" data-element_type=\"section\" data-e-type=\"section\" data-settings=\"{&quot;background_background&quot;:&quot;classic&quot;}\">\n\t\t\t\t\t\t<div class=\"elementor-container elementor-column-gap-default\">\n\t\t\t\t\t<div class=\"elementor-column elementor-col-50 elementor-top-column elementor-element elementor-element-bb729ac\" data-id=\"bb729ac\" data-element_type=\"column\" data-e-type=\"column\" data-settings=\"{&quot;background_background&quot;:&quot;classic&quot;}\">\n\t\t\t<div class=\"elementor-widget-wrap elementor-element-populated\">\n\t\t\t\t\t\t<div class=\"elementor-element elementor-element-b73a4ca elementor-widget-divider--view-line elementor-widget elementor-widget-divider\" data-id=\"b73a4ca\" data-element_type=\"widget\" data-e-type=\"widget\" data-widget_type=\"divider.default\">\n\t\t\t\t<div class=\"elementor-widget-container\">\n\t\t\t\t\t\t\t<div class=\"elementor-divider\">\n\t\t\t<span class=\"elementor-divider-separator\">\n\t\t\t\t\t\t<\/span>\n\t\t<\/div>\n\t\t\t\t\t\t<\/div>\n\t\t\t\t<\/div>\n\t\t\t\t<div class=\"elementor-element elementor-element-be8518c elementor-widget elementor-widget-spacer\" data-id=\"be8518c\" data-element_type=\"widget\" data-e-type=\"widget\" data-widget_type=\"spacer.default\">\n\t\t\t\t<div class=\"elementor-widget-container\">\n\t\t\t\t\t\t\t<div class=\"elementor-spacer\">\n\t\t\t<div class=\"elementor-spacer-inner\"><\/div>\n\t\t<\/div>\n\t\t\t\t\t\t<\/div>\n\t\t\t\t<\/div>\n\t\t\t\t<div class=\"elementor-element elementor-element-83e23b0 elementor-widget elementor-widget-heading\" data-id=\"83e23b0\" data-element_type=\"widget\" data-e-type=\"widget\" data-widget_type=\"heading.default\">\n\t\t\t\t<div class=\"elementor-widget-container\">\n\t\t\t\t\t<h3 class=\"elementor-heading-title elementor-size-default\">Vous \u00eates un particulier<\/h3>\t\t\t\t<\/div>\n\t\t\t\t<\/div>\n\t\t\t\t<div class=\"elementor-element elementor-element-53832ea elementor-widget elementor-widget-spacer\" data-id=\"53832ea\" data-element_type=\"widget\" data-e-type=\"widget\" data-widget_type=\"spacer.default\">\n\t\t\t\t<div class=\"elementor-widget-container\">\n\t\t\t\t\t\t\t<div class=\"elementor-spacer\">\n\t\t\t<div class=\"elementor-spacer-inner\"><\/div>\n\t\t<\/div>\n\t\t\t\t\t\t<\/div>\n\t\t\t\t<\/div>\n\t\t\t\t<div class=\"elementor-element elementor-element-47a18d6 elementor-widget elementor-widget-heading\" data-id=\"47a18d6\" data-element_type=\"widget\" data-e-type=\"widget\" data-widget_type=\"heading.default\">\n\t\t\t\t<div class=\"elementor-widget-container\">\n\t\t\t\t\t<h5 class=\"elementor-heading-title elementor-size-default\">Vous souhaitez faire ou refaire votre cuisine ou votre salle de bains. Vous avez des id\u00e9es mais vous n\u2019\u00eates pas s\u00fbrs que cela soit le bon choix pour vous\u2026 Notre conseill\u00e8re sp\u00e9cialis\u00e9e peut vous aider \u00e0 concevoir le plan d\u2019am\u00e9nagement et choisir les \u00e9l\u00e9ments en fonction de vos souhaits et de vos contraintes.<\/h5>\t\t\t\t<\/div>\n\t\t\t\t<\/div>\n\t\t\t\t<div class=\"elementor-element elementor-element-3905132 elementor-widget elementor-widget-spacer\" data-id=\"3905132\" data-element_type=\"widget\" data-e-type=\"widget\" data-widget_type=\"spacer.default\">\n\t\t\t\t<div class=\"elementor-widget-container\">\n\t\t\t\t\t\t\t<div class=\"elementor-spacer\">\n\t\t\t<div class=\"elementor-spacer-inner\"><\/div>\n\t\t<\/div>\n\t\t\t\t\t\t<\/div>\n\t\t\t\t<\/div>\n\t\t\t\t<div class=\"elementor-element elementor-element-359b476 elementor-widget-divider--view-line elementor-widget elementor-widget-divider\" data-id=\"359b476\" data-element_type=\"widget\" data-e-type=\"widget\" data-widget_type=\"divider.default\">\n\t\t\t\t<div class=\"elementor-widget-container\">\n\t\t\t\t\t\t\t<div class=\"elementor-divider\">\n\t\t\t<span class=\"elementor-divider-separator\">\n\t\t\t\t\t\t<\/span>\n\t\t<\/div>\n\t\t\t\t\t\t<\/div>\n\t\t\t\t<\/div>\n\t\t\t\t\t<\/div>\n\t\t<\/div>\n\t\t\t\t<div class=\"elementor-column elementor-col-50 elementor-top-column elementor-element elementor-element-4807ac5\" data-id=\"4807ac5\" data-element_type=\"column\" data-e-type=\"column\">\n\t\t\t<div class=\"elementor-widget-wrap elementor-element-populated\">\n\t\t\t\t\t\t<div class=\"elementor-element elementor-element-0ec545f elementor-widget elementor-widget-image\" data-id=\"0ec545f\" data-element_type=\"widget\" data-e-type=\"widget\" data-widget_type=\"image.default\">\n\t\t\t\t<div class=\"elementor-widget-container\">\n\t\t\t\t\t\t\t\t\t\t\t\t\t\t\t<img loading=\"lazy\" decoding=\"async\" width=\"1000\" height=\"1000\" src=\"https:\/\/saniflam.com\/cuisines-et-bains\/wp-content\/uploads\/sites\/2\/2021\/07\/saniflam-cuisine-moderne-bois-massif-etagere-metallique-industrile-composition-deco-plan-compact.jpg\" class=\"attachment-full size-full wp-image-736\" alt=\"\" srcset=\"https:\/\/saniflam.com\/cuisines-et-bains\/wp-content\/uploads\/sites\/2\/2021\/07\/saniflam-cuisine-moderne-bois-massif-etagere-metallique-industrile-composition-deco-plan-compact.jpg 1000w, https:\/\/saniflam.com\/cuisines-et-bains\/wp-content\/uploads\/sites\/2\/2021\/07\/saniflam-cuisine-moderne-bois-massif-etagere-metallique-industrile-composition-deco-plan-compact-300x300.jpg 300w, https:\/\/saniflam.com\/cuisines-et-bains\/wp-content\/uploads\/sites\/2\/2021\/07\/saniflam-cuisine-moderne-bois-massif-etagere-metallique-industrile-composition-deco-plan-compact-150x150.jpg 150w, https:\/\/saniflam.com\/cuisines-et-bains\/wp-content\/uploads\/sites\/2\/2021\/07\/saniflam-cuisine-moderne-bois-massif-etagere-metallique-industrile-composition-deco-plan-compact-768x768.jpg 768w, https:\/\/saniflam.com\/cuisines-et-bains\/wp-content\/uploads\/sites\/2\/2021\/07\/saniflam-cuisine-moderne-bois-massif-etagere-metallique-industrile-composition-deco-plan-compact-570x570.jpg 570w, https:\/\/saniflam.com\/cuisines-et-bains\/wp-content\/uploads\/sites\/2\/2021\/07\/saniflam-cuisine-moderne-bois-massif-etagere-metallique-industrile-composition-deco-plan-compact-500x500.jpg 500w, https:\/\/saniflam.com\/cuisines-et-bains\/wp-content\/uploads\/sites\/2\/2021\/07\/saniflam-cuisine-moderne-bois-massif-etagere-metallique-industrile-composition-deco-plan-compact-700x700.jpg 700w\" sizes=\"(max-width: 1000px) 100vw, 1000px\" \/>\t\t\t\t\t\t\t\t\t\t\t\t\t\t\t<\/div>\n\t\t\t\t<\/div>\n\t\t\t\t\t<\/div>\n\t\t<\/div>\n\t\t\t\t\t<\/div>\n\t\t<\/section>\n\t\t\t\t<section class=\"elementor-section elementor-top-section elementor-element elementor-element-9d68c42 elementor-section-full_width qode_elementor_container_inner elementor-section-height-default elementor-section-height-default parallax_section_no\" data-id=\"9d68c42\" data-element_type=\"section\" data-e-type=\"section\">\n\t\t\t\t\t\t<div class=\"elementor-container elementor-column-gap-default\">\n\t\t\t\t\t<div class=\"elementor-column elementor-col-100 elementor-top-column elementor-element elementor-element-423b89f elementor-invisible\" data-id=\"423b89f\" data-element_type=\"column\" data-e-type=\"column\" data-settings=\"{&quot;animation&quot;:&quot;fadeInRight&quot;}\">\n\t\t\t<div class=\"elementor-widget-wrap elementor-element-populated\">\n\t\t\t\t\t\t<div class=\"elementor-element elementor-element-5d6a5e1 elementor-widget elementor-widget-spacer\" data-id=\"5d6a5e1\" data-element_type=\"widget\" data-e-type=\"widget\" data-widget_type=\"spacer.default\">\n\t\t\t\t<div class=\"elementor-widget-container\">\n\t\t\t\t\t\t\t<div class=\"elementor-spacer\">\n\t\t\t<div class=\"elementor-spacer-inner\"><\/div>\n\t\t<\/div>\n\t\t\t\t\t\t<\/div>\n\t\t\t\t<\/div>\n\t\t\t\t<div class=\"elementor-element elementor-element-6d93d52 elementor-widget elementor-widget-heading\" data-id=\"6d93d52\" data-element_type=\"widget\" data-e-type=\"widget\" data-widget_type=\"heading.default\">\n\t\t\t\t<div class=\"elementor-widget-container\">\n\t\t\t\t\t<h4 class=\"elementor-heading-title elementor-size-default\">Privil\u00e9giez-vous le design ? le confort ? les \u00e9conomies d\u2019eau et d\u2019\u00e9nergie ? la praticit\u00e9 ?\nSelon les crit\u00e8res importants pour vous, nous pr\u00e9s\u00e9lectionnons les fournisseurs et les gammes adapt\u00e9s, dans le respect de vos contraintes d\u2019espace, de prix, et de d\u00e9lai.<\/h4>\t\t\t\t<\/div>\n\t\t\t\t<\/div>\n\t\t\t\t<div class=\"elementor-element elementor-element-9b8cb78 elementor-widget elementor-widget-spacer\" data-id=\"9b8cb78\" data-element_type=\"widget\" data-e-type=\"widget\" data-widget_type=\"spacer.default\">\n\t\t\t\t<div class=\"elementor-widget-container\">\n\t\t\t\t\t\t\t<div class=\"elementor-spacer\">\n\t\t\t<div class=\"elementor-spacer-inner\"><\/div>\n\t\t<\/div>\n\t\t\t\t\t\t<\/div>\n\t\t\t\t<\/div>\n\t\t\t\t<div class=\"elementor-element elementor-element-df9e6b2 elementor-widget elementor-widget-heading\" data-id=\"df9e6b2\" data-element_type=\"widget\" data-e-type=\"widget\" data-widget_type=\"heading.default\">\n\t\t\t\t<div class=\"elementor-widget-container\">\n\t\t\t\t\t<h2 class=\"elementor-heading-title elementor-size-default\">Cuisine <\/h2>\t\t\t\t<\/div>\n\t\t\t\t<\/div>\n\t\t\t\t<div class=\"elementor-element elementor-element-ceafaa1 elementor-widget elementor-widget-spacer\" data-id=\"ceafaa1\" data-element_type=\"widget\" data-e-type=\"widget\" data-widget_type=\"spacer.default\">\n\t\t\t\t<div class=\"elementor-widget-container\">\n\t\t\t\t\t\t\t<div class=\"elementor-spacer\">\n\t\t\t<div class=\"elementor-spacer-inner\"><\/div>\n\t\t<\/div>\n\t\t\t\t\t\t<\/div>\n\t\t\t\t<\/div>\n\t\t\t\t<div class=\"elementor-element elementor-element-962e6ab elementor-widget elementor-widget-text-editor\" data-id=\"962e6ab\" data-element_type=\"widget\" data-e-type=\"widget\" data-widget_type=\"text-editor.default\">\n\t\t\t\t<div class=\"elementor-widget-container\">\n\t\t\t\t\t\t\t\t\t<h5>\u00c0 l\u2019aide de notre logiciel de conception 3D, notre conseill\u00e8re r\u00e9alise avec vous le plan de votre cuisine et vous accompagne dans le choix des diff\u00e9rents \u00e9l\u00e9ments \u00e0 partir du catalogue de notre fournisseur Charles REMA. Vous disposez de tous les plans n\u00e9cessaires \u00e0 son implantation ainsi que les photor\u00e9alismes de votre futur projet. Ainsi vous pouvez vous projeter dans votre nouvelle cuisine et \u00eatre assur\u00e9s qu\u2019elle vous convient parfaitement.<\/h5>\t\t\t\t\t\t\t\t<\/div>\n\t\t\t\t<\/div>\n\t\t\t\t<div class=\"elementor-element elementor-element-f3fb996 elementor-widget elementor-widget-text-editor\" data-id=\"f3fb996\" data-element_type=\"widget\" data-e-type=\"widget\" data-widget_type=\"text-editor.default\">\n\t\t\t\t<div class=\"elementor-widget-container\">\n\t\t\t\t\t\t\t\t\t<h5><a href=\"https:\/\/www.charles-rema.fr\/feuilletez-notre-catalogue-en-ligne\" target=\"_blank\" rel=\"noopener\">Pour en savoir plus : <strong>www.charles-rema.fr\/feuilletez-notre-catalogue-en-ligne<\/strong><\/a><\/h5>\t\t\t\t\t\t\t\t<\/div>\n\t\t\t\t<\/div>\n\t\t\t\t<div class=\"elementor-element elementor-element-799a64c elementor-widget elementor-widget-text-editor\" data-id=\"799a64c\" data-element_type=\"widget\" data-e-type=\"widget\" data-widget_type=\"text-editor.default\">\n\t\t\t\t<div class=\"elementor-widget-container\">\n\t\t\t\t\t\t\t\t\t<h5>Pour anticiper les \u00e9ventuels travaux \u00e0 pr\u00e9voir avant son installation et faciliter sa conception, notre conseill\u00e8re peut \u00e9galement se d\u00e9placer chez vous. Si vous le souhaitez, elle vous mettra en relation avec un installateur pour la pose.<\/h5>\t\t\t\t\t\t\t\t<\/div>\n\t\t\t\t<\/div>\n\t\t\t\t<div class=\"elementor-element elementor-element-870fdd7 elementor-widget elementor-widget-spacer\" data-id=\"870fdd7\" data-element_type=\"widget\" data-e-type=\"widget\" data-widget_type=\"spacer.default\">\n\t\t\t\t<div class=\"elementor-widget-container\">\n\t\t\t\t\t\t\t<div class=\"elementor-spacer\">\n\t\t\t<div class=\"elementor-spacer-inner\"><\/div>\n\t\t<\/div>\n\t\t\t\t\t\t<\/div>\n\t\t\t\t<\/div>\n\t\t\t\t<div class=\"elementor-element elementor-element-6243e75 elementor-widget elementor-widget-heading\" data-id=\"6243e75\" data-element_type=\"widget\" data-e-type=\"widget\" data-widget_type=\"heading.default\">\n\t\t\t\t<div class=\"elementor-widget-container\">\n\t\t\t\t\t<h2 class=\"elementor-heading-title elementor-size-default\">Salle de bains <\/h2>\t\t\t\t<\/div>\n\t\t\t\t<\/div>\n\t\t\t\t<div class=\"elementor-element elementor-element-38d5fae elementor-widget elementor-widget-spacer\" data-id=\"38d5fae\" data-element_type=\"widget\" data-e-type=\"widget\" data-widget_type=\"spacer.default\">\n\t\t\t\t<div class=\"elementor-widget-container\">\n\t\t\t\t\t\t\t<div class=\"elementor-spacer\">\n\t\t\t<div class=\"elementor-spacer-inner\"><\/div>\n\t\t<\/div>\n\t\t\t\t\t\t<\/div>\n\t\t\t\t<\/div>\n\t\t\t\t<div class=\"elementor-element elementor-element-51b84b3 elementor-widget elementor-widget-text-editor\" data-id=\"51b84b3\" data-element_type=\"widget\" data-e-type=\"widget\" data-widget_type=\"text-editor.default\">\n\t\t\t\t<div class=\"elementor-widget-container\">\n\t\t\t\t\t\t\t\t\t<h5>Un catalogue \u00ab Salle de bains \u00bb est \u00e0 votre disposition dans nos magasins SANIFLAM de Bourg-Saint-Maurice et Salins-les-thermes. R\u00e9v\u00e9lateur des diff\u00e9rentes tendances actuelles, il vous aidera \u00e0 d\u00e9finir l\u2019ambiance de votre future salle de bains et choisir le mobilier associ\u00e9.<\/h5>\t\t\t\t\t\t\t\t<\/div>\n\t\t\t\t<\/div>\n\t\t\t\t<div class=\"elementor-element elementor-element-31ca834 elementor-widget elementor-widget-spacer\" data-id=\"31ca834\" data-element_type=\"widget\" data-e-type=\"widget\" data-widget_type=\"spacer.default\">\n\t\t\t\t<div class=\"elementor-widget-container\">\n\t\t\t\t\t\t\t<div class=\"elementor-spacer\">\n\t\t\t<div class=\"elementor-spacer-inner\"><\/div>\n\t\t<\/div>\n\t\t\t\t\t\t<\/div>\n\t\t\t\t<\/div>\n\t\t\t\t<div class=\"elementor-element elementor-element-d71fece elementor-widget elementor-widget-image\" data-id=\"d71fece\" data-element_type=\"widget\" data-e-type=\"widget\" data-widget_type=\"image.default\">\n\t\t\t\t<div class=\"elementor-widget-container\">\n\t\t\t\t\t\t\t\t\t\t\t\t\t\t\t\t<a href=\"https:\/\/saniflam.com\/catalogue\/#page\/1\" target=\"_blank\">\n\t\t\t\t\t\t\t<img decoding=\"async\" src=\"https:\/\/saniflam.com\/cuisines-et-bains\/wp-content\/uploads\/sites\/2\/elementor\/thumbs\/saniflam-cuisines-et-bains-catalogue-pe16k1i5cyunfjauj37wur52tdnlfsb0tnjf902s6g.jpg\" title=\"saniflam-cuisines-et-bains-catalogue\" alt=\"saniflam-cuisines-et-bains-catalogue\" loading=\"lazy\" \/>\t\t\t\t\t\t\t\t<\/a>\n\t\t\t\t\t\t\t\t\t\t\t\t\t\t\t<\/div>\n\t\t\t\t<\/div>\n\t\t\t\t<div class=\"elementor-element elementor-element-c5e604e elementor-widget elementor-widget-spacer\" data-id=\"c5e604e\" data-element_type=\"widget\" data-e-type=\"widget\" data-widget_type=\"spacer.default\">\n\t\t\t\t<div class=\"elementor-widget-container\">\n\t\t\t\t\t\t\t<div class=\"elementor-spacer\">\n\t\t\t<div class=\"elementor-spacer-inner\"><\/div>\n\t\t<\/div>\n\t\t\t\t\t\t<\/div>\n\t\t\t\t<\/div>\n\t\t\t\t<div class=\"elementor-element elementor-element-8d70e30 elementor-widget elementor-widget-text-editor\" data-id=\"8d70e30\" data-element_type=\"widget\" data-e-type=\"widget\" data-widget_type=\"text-editor.default\">\n\t\t\t\t<div class=\"elementor-widget-container\">\n\t\t\t\t\t\t\t\t\t<h5><a href=\"https:\/\/saniflam.com\/catalogue\/#page\/1\" target=\"_blank\" rel=\"noopener\">Voir notre catalogue en ligne <strong>ici<\/strong><\/a><\/h5>\t\t\t\t\t\t\t\t<\/div>\n\t\t\t\t<\/div>\n\t\t\t\t<div class=\"elementor-element elementor-element-e094a1d elementor-widget elementor-widget-spacer\" data-id=\"e094a1d\" data-element_type=\"widget\" data-e-type=\"widget\" data-widget_type=\"spacer.default\">\n\t\t\t\t<div class=\"elementor-widget-container\">\n\t\t\t\t\t\t\t<div class=\"elementor-spacer\">\n\t\t\t<div class=\"elementor-spacer-inner\"><\/div>\n\t\t<\/div>\n\t\t\t\t\t\t<\/div>\n\t\t\t\t<\/div>\n\t\t\t\t<div class=\"elementor-element elementor-element-55d1942 elementor-widget elementor-widget-text-editor\" data-id=\"55d1942\" data-element_type=\"widget\" data-e-type=\"widget\" data-widget_type=\"text-editor.default\">\n\t\t\t\t<div class=\"elementor-widget-container\">\n\t\t\t\t\t\t\t\t\t<h5>Si vous ne trouvez pas votre bonheur dans cette s\u00e9lection, notre conseill\u00e8re est \u00e0 votre disposition pour vous pr\u00e9senter plus en d\u00e9tail les diff\u00e9rentes offres de nos nombreux fournisseurs. Elle g\u00e8rera la commande et la livraison du mat\u00e9riel en relation avec votre installateur.<\/h5>\t\t\t\t\t\t\t\t<\/div>\n\t\t\t\t<\/div>\n\t\t\t\t\t<\/div>\n\t\t<\/div>\n\t\t\t\t\t<\/div>\n\t\t<\/section>\n\t\t\t\t<section class=\"elementor-section elementor-top-section elementor-element elementor-element-7dc2834 elementor-section-full_width qode_elementor_container_inner elementor-section-height-default elementor-section-height-default parallax_section_no elementor-invisible\" data-id=\"7dc2834\" data-element_type=\"section\" data-e-type=\"section\" data-settings=\"{&quot;animation&quot;:&quot;fadeInRight&quot;}\">\n\t\t\t\t\t\t<div class=\"elementor-container elementor-column-gap-default\">\n\t\t\t\t\t<div class=\"elementor-column elementor-col-100 elementor-top-column elementor-element elementor-element-f925c63\" data-id=\"f925c63\" data-element_type=\"column\" data-e-type=\"column\">\n\t\t\t<div class=\"elementor-widget-wrap elementor-element-populated\">\n\t\t\t\t\t\t<div class=\"elementor-element elementor-element-f75beb5 elementor-widget elementor-widget-bridge_button\" data-id=\"f75beb5\" data-element_type=\"widget\" data-e-type=\"widget\" data-widget_type=\"bridge_button.default\">\n\t\t\t\t<div class=\"elementor-widget-container\">\n\t\t\t\t\t<a  itemprop=\"url\" href=\"https:\/\/saniflam.com\/cuisines-et-bains\/contact\/\" target=\"_self\"  class=\"qbutton  small default\" style=\"\">PRENEZ RENDEZ-VOUS<\/a>\t\t\t\t<\/div>\n\t\t\t\t<\/div>\n\t\t\t\t<div class=\"elementor-element elementor-element-2cbd055 elementor-widget elementor-widget-spacer\" data-id=\"2cbd055\" data-element_type=\"widget\" data-e-type=\"widget\" data-widget_type=\"spacer.default\">\n\t\t\t\t<div class=\"elementor-widget-container\">\n\t\t\t\t\t\t\t<div class=\"elementor-spacer\">\n\t\t\t<div class=\"elementor-spacer-inner\"><\/div>\n\t\t<\/div>\n\t\t\t\t\t\t<\/div>\n\t\t\t\t<\/div>\n\t\t\t\t\t<\/div>\n\t\t<\/div>\n\t\t\t\t\t<\/div>\n\t\t<\/section>\n\t\t\t\t<section data-q_id=\"#artisan\" class=\"elementor-section elementor-top-section elementor-element elementor-element-1e1fb06 elementor-section-full_width elementor-section-height-default elementor-section-height-default parallax_section_no qode_elementor_container_no\" data-id=\"1e1fb06\" data-element_type=\"section\" data-e-type=\"section\" data-settings=\"{&quot;background_background&quot;:&quot;classic&quot;}\">\n\t\t\t\t\t\t<div class=\"elementor-container elementor-column-gap-default\">\n\t\t\t\t\t<div class=\"elementor-column elementor-col-50 elementor-top-column elementor-element elementor-element-a4109d8\" data-id=\"a4109d8\" data-element_type=\"column\" data-e-type=\"column\" data-settings=\"{&quot;background_background&quot;:&quot;classic&quot;}\">\n\t\t\t<div class=\"elementor-widget-wrap elementor-element-populated\">\n\t\t\t\t\t\t<div class=\"elementor-element elementor-element-6f03c7e elementor-widget-divider--view-line elementor-widget elementor-widget-divider\" data-id=\"6f03c7e\" data-element_type=\"widget\" data-e-type=\"widget\" data-widget_type=\"divider.default\">\n\t\t\t\t<div class=\"elementor-widget-container\">\n\t\t\t\t\t\t\t<div class=\"elementor-divider\">\n\t\t\t<span class=\"elementor-divider-separator\">\n\t\t\t\t\t\t<\/span>\n\t\t<\/div>\n\t\t\t\t\t\t<\/div>\n\t\t\t\t<\/div>\n\t\t\t\t<div class=\"elementor-element elementor-element-54e9e2b elementor-widget elementor-widget-spacer\" data-id=\"54e9e2b\" data-element_type=\"widget\" data-e-type=\"widget\" data-widget_type=\"spacer.default\">\n\t\t\t\t<div class=\"elementor-widget-container\">\n\t\t\t\t\t\t\t<div class=\"elementor-spacer\">\n\t\t\t<div class=\"elementor-spacer-inner\"><\/div>\n\t\t<\/div>\n\t\t\t\t\t\t<\/div>\n\t\t\t\t<\/div>\n\t\t\t\t<div class=\"elementor-element elementor-element-febea68 elementor-widget elementor-widget-heading\" data-id=\"febea68\" data-element_type=\"widget\" data-e-type=\"widget\" data-widget_type=\"heading.default\">\n\t\t\t\t<div class=\"elementor-widget-container\">\n\t\t\t\t\t<h3 class=\"elementor-heading-title elementor-size-default\">Vous \u00eates un professionnel<\/h3>\t\t\t\t<\/div>\n\t\t\t\t<\/div>\n\t\t\t\t<div class=\"elementor-element elementor-element-d7a85d1 elementor-widget elementor-widget-spacer\" data-id=\"d7a85d1\" data-element_type=\"widget\" data-e-type=\"widget\" data-widget_type=\"spacer.default\">\n\t\t\t\t<div class=\"elementor-widget-container\">\n\t\t\t\t\t\t\t<div class=\"elementor-spacer\">\n\t\t\t<div class=\"elementor-spacer-inner\"><\/div>\n\t\t<\/div>\n\t\t\t\t\t\t<\/div>\n\t\t\t\t<\/div>\n\t\t\t\t<div class=\"elementor-element elementor-element-490332c elementor-widget elementor-widget-heading\" data-id=\"490332c\" data-element_type=\"widget\" data-e-type=\"widget\" data-widget_type=\"heading.default\">\n\t\t\t\t<div class=\"elementor-widget-container\">\n\t\t\t\t\t<h5 class=\"elementor-heading-title elementor-size-default\">Installateur, plombier, menuisier ou multi-sp\u00e9cialiste, vous installez des cuisines ou des salles de bain chez vos clients. Vous avez peu de temps \u00e0 consacrer au choix des diff\u00e9rents mat\u00e9riels, marques, couleurs, mati\u00e8res parmi les innombrables solutions possibles. Notre \u00e9quipe peut vous faire gagner du temps en prenant en charge vos clients pour les aider \u00e0 faire leur choix. <\/h5>\t\t\t\t<\/div>\n\t\t\t\t<\/div>\n\t\t\t\t<div class=\"elementor-element elementor-element-3b9a284 elementor-widget elementor-widget-spacer\" data-id=\"3b9a284\" data-element_type=\"widget\" data-e-type=\"widget\" data-widget_type=\"spacer.default\">\n\t\t\t\t<div class=\"elementor-widget-container\">\n\t\t\t\t\t\t\t<div class=\"elementor-spacer\">\n\t\t\t<div class=\"elementor-spacer-inner\"><\/div>\n\t\t<\/div>\n\t\t\t\t\t\t<\/div>\n\t\t\t\t<\/div>\n\t\t\t\t<div class=\"elementor-element elementor-element-6c6a403 elementor-widget-divider--view-line elementor-widget elementor-widget-divider\" data-id=\"6c6a403\" data-element_type=\"widget\" data-e-type=\"widget\" data-widget_type=\"divider.default\">\n\t\t\t\t<div class=\"elementor-widget-container\">\n\t\t\t\t\t\t\t<div class=\"elementor-divider\">\n\t\t\t<span class=\"elementor-divider-separator\">\n\t\t\t\t\t\t<\/span>\n\t\t<\/div>\n\t\t\t\t\t\t<\/div>\n\t\t\t\t<\/div>\n\t\t\t\t\t<\/div>\n\t\t<\/div>\n\t\t\t\t<div class=\"elementor-column elementor-col-50 elementor-top-column elementor-element elementor-element-6980e32\" data-id=\"6980e32\" data-element_type=\"column\" data-e-type=\"column\">\n\t\t\t<div class=\"elementor-widget-wrap elementor-element-populated\">\n\t\t\t\t\t\t<div class=\"elementor-element elementor-element-63ff89f elementor-widget elementor-widget-image\" data-id=\"63ff89f\" data-element_type=\"widget\" data-e-type=\"widget\" data-widget_type=\"image.default\">\n\t\t\t\t<div class=\"elementor-widget-container\">\n\t\t\t\t\t\t\t\t\t\t\t\t\t\t\t<img loading=\"lazy\" decoding=\"async\" width=\"1000\" height=\"824\" src=\"https:\/\/saniflam.com\/cuisines-et-bains\/wp-content\/uploads\/sites\/2\/2021\/07\/saniflam-cuisine-industrielle-moderne-bois-massif-noir-mat-1000.jpg\" class=\"attachment-full size-full wp-image-739\" alt=\"\" srcset=\"https:\/\/saniflam.com\/cuisines-et-bains\/wp-content\/uploads\/sites\/2\/2021\/07\/saniflam-cuisine-industrielle-moderne-bois-massif-noir-mat-1000.jpg 1000w, https:\/\/saniflam.com\/cuisines-et-bains\/wp-content\/uploads\/sites\/2\/2021\/07\/saniflam-cuisine-industrielle-moderne-bois-massif-noir-mat-1000-300x247.jpg 300w, https:\/\/saniflam.com\/cuisines-et-bains\/wp-content\/uploads\/sites\/2\/2021\/07\/saniflam-cuisine-industrielle-moderne-bois-massif-noir-mat-1000-768x633.jpg 768w, https:\/\/saniflam.com\/cuisines-et-bains\/wp-content\/uploads\/sites\/2\/2021\/07\/saniflam-cuisine-industrielle-moderne-bois-massif-noir-mat-1000-700x577.jpg 700w\" sizes=\"(max-width: 1000px) 100vw, 1000px\" \/>\t\t\t\t\t\t\t\t\t\t\t\t\t\t\t<\/div>\n\t\t\t\t<\/div>\n\t\t\t\t\t<\/div>\n\t\t<\/div>\n\t\t\t\t\t<\/div>\n\t\t<\/section>\n\t\t\t\t<section class=\"elementor-section elementor-top-section elementor-element elementor-element-70f6c27 elementor-section-boxed elementor-section-height-default elementor-section-height-default parallax_section_no qode_elementor_container_no\" data-id=\"70f6c27\" data-element_type=\"section\" data-e-type=\"section\" data-settings=\"{&quot;background_background&quot;:&quot;classic&quot;}\">\n\t\t\t\t\t\t<div class=\"elementor-container elementor-column-gap-default\">\n\t\t\t\t\t<div class=\"elementor-column elementor-col-100 elementor-top-column elementor-element elementor-element-01b7514 elementor-invisible\" data-id=\"01b7514\" data-element_type=\"column\" data-e-type=\"column\" data-settings=\"{&quot;animation&quot;:&quot;fadeInLeft&quot;}\">\n\t\t\t<div class=\"elementor-widget-wrap elementor-element-populated\">\n\t\t\t\t\t\t<div class=\"elementor-element elementor-element-f703dff elementor-widget elementor-widget-spacer\" data-id=\"f703dff\" data-element_type=\"widget\" data-e-type=\"widget\" data-widget_type=\"spacer.default\">\n\t\t\t\t<div class=\"elementor-widget-container\">\n\t\t\t\t\t\t\t<div class=\"elementor-spacer\">\n\t\t\t<div class=\"elementor-spacer-inner\"><\/div>\n\t\t<\/div>\n\t\t\t\t\t\t<\/div>\n\t\t\t\t<\/div>\n\t\t\t\t<div class=\"elementor-element elementor-element-1449a21 elementor-widget elementor-widget-heading\" data-id=\"1449a21\" data-element_type=\"widget\" data-e-type=\"widget\" data-widget_type=\"heading.default\">\n\t\t\t\t<div class=\"elementor-widget-container\">\n\t\t\t\t\t<h2 class=\"elementor-heading-title elementor-size-default\">\u00c9quipement de cuisines am\u00e9nag\u00e9es<\/h2>\t\t\t\t<\/div>\n\t\t\t\t<\/div>\n\t\t\t\t<div class=\"elementor-element elementor-element-b2d765c elementor-widget elementor-widget-spacer\" data-id=\"b2d765c\" data-element_type=\"widget\" data-e-type=\"widget\" data-widget_type=\"spacer.default\">\n\t\t\t\t<div class=\"elementor-widget-container\">\n\t\t\t\t\t\t\t<div class=\"elementor-spacer\">\n\t\t\t<div class=\"elementor-spacer-inner\"><\/div>\n\t\t<\/div>\n\t\t\t\t\t\t<\/div>\n\t\t\t\t<\/div>\n\t\t\t\t<div class=\"elementor-element elementor-element-e784f23 elementor-widget elementor-widget-text-editor\" data-id=\"e784f23\" data-element_type=\"widget\" data-e-type=\"widget\" data-widget_type=\"text-editor.default\">\n\t\t\t\t<div class=\"elementor-widget-container\">\n\t\t\t\t\t\t\t\t\t<h5>Saniflam Cuisines et Bains distribue les cuisines Charles REMA, cuisines sur-mesure, qualitatives, fabriqu\u00e9es en France. Avec Charles REMA, vous avez la garantie d\u2019une cuisine robuste, design et bien con\u00e7ue dans le moindre d\u00e9tail, pour la plus grande satisfaction de vos clients. Gr\u00e2ce \u00e0 la diversit\u00e9 des mod\u00e8les propos\u00e9s, tant en finitions qu\u2019en structures de meubles, vous \u00eates s\u00fbrs de trouver la cuisine qui leur conviendra parfaitement.<\/h5>\t\t\t\t\t\t\t\t<\/div>\n\t\t\t\t<\/div>\n\t\t\t\t<div class=\"elementor-element elementor-element-17d55c9 elementor-widget elementor-widget-text-editor\" data-id=\"17d55c9\" data-element_type=\"widget\" data-e-type=\"widget\" data-widget_type=\"text-editor.default\">\n\t\t\t\t<div class=\"elementor-widget-container\">\n\t\t\t\t\t\t\t\t\t<h5><a href=\"https:\/\/www.charles-rema.fr\/feuilletez-notre-catalogue-en-ligne\" target=\"_blank\" rel=\"noopener\">Pour en savoir plus : <strong>www.charles-rema.fr\/feuilletez-notre-catalogue-en-ligne<\/strong><\/a><\/h5>\t\t\t\t\t\t\t\t<\/div>\n\t\t\t\t<\/div>\n\t\t\t\t<div class=\"elementor-element elementor-element-fedffc5 elementor-widget elementor-widget-text-editor\" data-id=\"fedffc5\" data-element_type=\"widget\" data-e-type=\"widget\" data-widget_type=\"text-editor.default\">\n\t\t\t\t<div class=\"elementor-widget-container\">\n\t\t\t\t\t\t\t\t\t<h5>Pour vous accompagner dans le d\u00e9veloppement de vos ventes, nous proposons diff\u00e9rents partenariats. Ces partenariats sont con\u00e7us pour assurer la qualit\u00e9 de l\u2019accompagnement de votre client quel que soit le temps dont vous disposez pour le g\u00e9rer. Vous avez peu de temps ? Nous prenons compl\u00e8tement en charge votre client. Vous souhaitez vous occuper de tout de A \u00e0 Z ? Nous commandons le mat\u00e9riel que vous avez choisi.<\/h5><h5>Venez en discuter avec notre conseill\u00e8re sp\u00e9cialis\u00e9e pour choisir le partenariat qui vous facilite la vie, l\u00e0 o\u00f9 vous en avez besoin.<\/h5>\t\t\t\t\t\t\t\t<\/div>\n\t\t\t\t<\/div>\n\t\t\t\t<div class=\"elementor-element elementor-element-6204e5c elementor-widget elementor-widget-spacer\" data-id=\"6204e5c\" data-element_type=\"widget\" data-e-type=\"widget\" data-widget_type=\"spacer.default\">\n\t\t\t\t<div class=\"elementor-widget-container\">\n\t\t\t\t\t\t\t<div class=\"elementor-spacer\">\n\t\t\t<div class=\"elementor-spacer-inner\"><\/div>\n\t\t<\/div>\n\t\t\t\t\t\t<\/div>\n\t\t\t\t<\/div>\n\t\t\t\t<div class=\"elementor-element elementor-element-a3486dc elementor-widget elementor-widget-heading\" data-id=\"a3486dc\" data-element_type=\"widget\" data-e-type=\"widget\" data-widget_type=\"heading.default\">\n\t\t\t\t<div class=\"elementor-widget-container\">\n\t\t\t\t\t<h2 class=\"elementor-heading-title elementor-size-default\">\u00c9quipement de salles de bains et de chauffage<\/h2>\t\t\t\t<\/div>\n\t\t\t\t<\/div>\n\t\t\t\t<div class=\"elementor-element elementor-element-798357c elementor-widget elementor-widget-spacer\" data-id=\"798357c\" data-element_type=\"widget\" data-e-type=\"widget\" data-widget_type=\"spacer.default\">\n\t\t\t\t<div class=\"elementor-widget-container\">\n\t\t\t\t\t\t\t<div class=\"elementor-spacer\">\n\t\t\t<div class=\"elementor-spacer-inner\"><\/div>\n\t\t<\/div>\n\t\t\t\t\t\t<\/div>\n\t\t\t\t<\/div>\n\t\t\t\t<div class=\"elementor-element elementor-element-eeb4ef1 elementor-widget elementor-widget-text-editor\" data-id=\"eeb4ef1\" data-element_type=\"widget\" data-e-type=\"widget\" data-widget_type=\"text-editor.default\">\n\t\t\t\t<div class=\"elementor-widget-container\">\n\t\t\t\t\t\t\t\t\t<h5>Notre catalogue Salle de bains, disponible dans nos magasins de Bourg-Saint-Maurice et Salins-les-Thermes est votre alli\u00e9 pour aider vos clients \u00e0 choisir le type d\u2019am\u00e9nagement qu\u2019ils souhaitent pour leur projet. Con\u00e7u pour vos clients, il leurs permet de faire un tour d\u2019horizon des tendances actuelles afin de d\u00e9finir l\u2019ambiance et le design de leur salle de bain. N\u2019h\u00e9sitez pas \u00e0 leur transmettre un exemplaire pour finaliser votre devis.<\/h5>\t\t\t\t\t\t\t\t<\/div>\n\t\t\t\t<\/div>\n\t\t\t\t<div class=\"elementor-element elementor-element-d92db6e elementor-widget elementor-widget-spacer\" data-id=\"d92db6e\" data-element_type=\"widget\" data-e-type=\"widget\" data-widget_type=\"spacer.default\">\n\t\t\t\t<div class=\"elementor-widget-container\">\n\t\t\t\t\t\t\t<div class=\"elementor-spacer\">\n\t\t\t<div class=\"elementor-spacer-inner\"><\/div>\n\t\t<\/div>\n\t\t\t\t\t\t<\/div>\n\t\t\t\t<\/div>\n\t\t\t\t<div class=\"elementor-element elementor-element-a20c7a8 elementor-widget elementor-widget-image\" data-id=\"a20c7a8\" data-element_type=\"widget\" data-e-type=\"widget\" data-widget_type=\"image.default\">\n\t\t\t\t<div class=\"elementor-widget-container\">\n\t\t\t\t\t\t\t\t\t\t\t\t\t\t\t\t<a href=\"https:\/\/saniflam.com\/catalogue\/#page\/1\" target=\"_blank\">\n\t\t\t\t\t\t\t<img decoding=\"async\" src=\"https:\/\/saniflam.com\/cuisines-et-bains\/wp-content\/uploads\/sites\/2\/elementor\/thumbs\/saniflam-cuisines-et-bains-catalogue-2-pe16kdq1ttbdmgt3jqi29622jdzd7unj7c0qhlknxk.png\" title=\"saniflam-cuisines-et-bains-catalogue-2\" alt=\"saniflam-cuisines-et-bains-catalogue-2\" loading=\"lazy\" \/>\t\t\t\t\t\t\t\t<\/a>\n\t\t\t\t\t\t\t\t\t\t\t\t\t\t\t<\/div>\n\t\t\t\t<\/div>\n\t\t\t\t<div class=\"elementor-element elementor-element-f764aeb elementor-widget elementor-widget-spacer\" data-id=\"f764aeb\" data-element_type=\"widget\" data-e-type=\"widget\" data-widget_type=\"spacer.default\">\n\t\t\t\t<div class=\"elementor-widget-container\">\n\t\t\t\t\t\t\t<div class=\"elementor-spacer\">\n\t\t\t<div class=\"elementor-spacer-inner\"><\/div>\n\t\t<\/div>\n\t\t\t\t\t\t<\/div>\n\t\t\t\t<\/div>\n\t\t\t\t<div class=\"elementor-element elementor-element-57bd778 elementor-widget elementor-widget-text-editor\" data-id=\"57bd778\" data-element_type=\"widget\" data-e-type=\"widget\" data-widget_type=\"text-editor.default\">\n\t\t\t\t<div class=\"elementor-widget-container\">\n\t\t\t\t\t\t\t\t\t<h5><a href=\"https:\/\/saniflam.com\/catalogue\/#page\/1\" target=\"_blank\" rel=\"noopener\">Voir notre catalogue en ligne <strong>ici<\/strong><\/a><\/h5>\t\t\t\t\t\t\t\t<\/div>\n\t\t\t\t<\/div>\n\t\t\t\t<div class=\"elementor-element elementor-element-56eb764 elementor-widget elementor-widget-spacer\" data-id=\"56eb764\" data-element_type=\"widget\" data-e-type=\"widget\" data-widget_type=\"spacer.default\">\n\t\t\t\t<div class=\"elementor-widget-container\">\n\t\t\t\t\t\t\t<div class=\"elementor-spacer\">\n\t\t\t<div class=\"elementor-spacer-inner\"><\/div>\n\t\t<\/div>\n\t\t\t\t\t\t<\/div>\n\t\t\t\t<\/div>\n\t\t\t\t<div class=\"elementor-element elementor-element-fcaa834 elementor-widget elementor-widget-text-editor\" data-id=\"fcaa834\" data-element_type=\"widget\" data-e-type=\"widget\" data-widget_type=\"text-editor.default\">\n\t\t\t\t<div class=\"elementor-widget-container\">\n\t\t\t\t\t\t\t\t\t<h5>Si votre client ne trouve pas son bonheur dans cette s\u00e9lection, notre conseill\u00e8re sp\u00e9cialis\u00e9e peut lui pr\u00e9senter les offres d\u00e9taill\u00e9es de nos diff\u00e9rents fournisseurs et l\u2019aider dans son choix. Elle s\u2019occupera de la commande du mat\u00e9riel et de la livraison sur votre chantier. Pensez \u00e0 lui envoyer vos clients !<\/h5>\t\t\t\t\t\t\t\t<\/div>\n\t\t\t\t<\/div>\n\t\t\t\t<div class=\"elementor-element elementor-element-c4f4027 elementor-widget elementor-widget-spacer\" data-id=\"c4f4027\" data-element_type=\"widget\" data-e-type=\"widget\" data-widget_type=\"spacer.default\">\n\t\t\t\t<div class=\"elementor-widget-container\">\n\t\t\t\t\t\t\t<div class=\"elementor-spacer\">\n\t\t\t<div class=\"elementor-spacer-inner\"><\/div>\n\t\t<\/div>\n\t\t\t\t\t\t<\/div>\n\t\t\t\t<\/div>\n\t\t\t\t<div class=\"elementor-element elementor-element-e4b80d5 elementor-widget elementor-widget-bridge_button\" data-id=\"e4b80d5\" data-element_type=\"widget\" data-e-type=\"widget\" data-widget_type=\"bridge_button.default\">\n\t\t\t\t<div class=\"elementor-widget-container\">\n\t\t\t\t\t<a  itemprop=\"url\" href=\"https:\/\/saniflam.com\/cuisines-et-bains\/contact\/\" target=\"_self\"  class=\"qbutton  default\" style=\"\">PRENEZ RENDEZ-VOUS<\/a>\t\t\t\t<\/div>\n\t\t\t\t<\/div>\n\t\t\t\t<div class=\"elementor-element elementor-element-9f7a3c8 elementor-widget elementor-widget-spacer\" data-id=\"9f7a3c8\" data-element_type=\"widget\" data-e-type=\"widget\" data-widget_type=\"spacer.default\">\n\t\t\t\t<div class=\"elementor-widget-container\">\n\t\t\t\t\t\t\t<div class=\"elementor-spacer\">\n\t\t\t<div class=\"elementor-spacer-inner\"><\/div>\n\t\t<\/div>\n\t\t\t\t\t\t<\/div>\n\t\t\t\t<\/div>\n\t\t\t\t\t<\/div>\n\t\t<\/div>\n\t\t\t\t\t<\/div>\n\t\t<\/section>\n\t\t\t\t<section style=\"background-image: url(https:\/\/saniflam.com\/cuisines-et-bains\/wp-content\/uploads\/sites\/2\/2021\/07\/saniflam-salle-de-bains-lumen-laque-ardoise.jpg);\" class=\"parallax_section_holder elementor-section elementor-top-section elementor-element elementor-element-af38bee elementor-section-full_width parallax_section_holder elementor-section-content-middle elementor-hidden-tablet elementor-hidden-phone elementor-section-height-default elementor-section-height-default qode_elementor_container_no\" data-speed=\"0\" data-id=\"af38bee\" data-element_type=\"section\" data-e-type=\"section\" data-settings=\"{&quot;qode_parallax_image&quot;:{&quot;url&quot;:&quot;https:\\\/\\\/saniflam.com\\\/cuisines-et-bains\\\/wp-content\\\/uploads\\\/sites\\\/2\\\/2021\\\/07\\\/saniflam-salle-de-bains-lumen-laque-ardoise.jpg&quot;,&quot;id&quot;:&quot;743&quot;,&quot;size&quot;:&quot;&quot;},&quot;background_background&quot;:&quot;classic&quot;}\">\n\t\t\t\t\t\t<div class=\"elementor-container elementor-column-gap-default\">\n\t\t\t\t\t<div class=\"elementor-column elementor-col-100 elementor-top-column elementor-element elementor-element-23ab77d\" data-id=\"23ab77d\" data-element_type=\"column\" data-e-type=\"column\" data-settings=\"{&quot;background_background&quot;:&quot;classic&quot;}\">\n\t\t\t<div class=\"elementor-widget-wrap elementor-element-populated\">\n\t\t\t\t\t\t<div class=\"elementor-element elementor-element-07dc3a7 elementor-widget elementor-widget-spacer\" data-id=\"07dc3a7\" data-element_type=\"widget\" data-e-type=\"widget\" data-widget_type=\"spacer.default\">\n\t\t\t\t<div class=\"elementor-widget-container\">\n\t\t\t\t\t\t\t<div class=\"elementor-spacer\">\n\t\t\t<div class=\"elementor-spacer-inner\"><\/div>\n\t\t<\/div>\n\t\t\t\t\t\t<\/div>\n\t\t\t\t<\/div>\n\t\t\t\t\t<\/div>\n\t\t<\/div>\n\t\t\t\t\t<\/div>\n\t\t<\/section>\n\t\t\t\t<section class=\"elementor-section elementor-top-section elementor-element elementor-element-24e566e elementor-section-boxed elementor-section-height-default elementor-section-height-default parallax_section_no qode_elementor_container_no\" data-id=\"24e566e\" data-element_type=\"section\" data-e-type=\"section\" data-settings=\"{&quot;background_background&quot;:&quot;classic&quot;}\">\n\t\t\t\t\t\t<div class=\"elementor-container elementor-column-gap-default\">\n\t\t\t\t\t<div class=\"elementor-column elementor-col-100 elementor-top-column elementor-element elementor-element-eaed859\" data-id=\"eaed859\" data-element_type=\"column\" data-e-type=\"column\">\n\t\t\t<div class=\"elementor-widget-wrap elementor-element-populated\">\n\t\t\t\t\t\t<div class=\"elementor-element elementor-element-2da1398 elementor-widget elementor-widget-spacer\" data-id=\"2da1398\" data-element_type=\"widget\" data-e-type=\"widget\" data-widget_type=\"spacer.default\">\n\t\t\t\t<div class=\"elementor-widget-container\">\n\t\t\t\t\t\t\t<div class=\"elementor-spacer\">\n\t\t\t<div class=\"elementor-spacer-inner\"><\/div>\n\t\t<\/div>\n\t\t\t\t\t\t<\/div>\n\t\t\t\t<\/div>\n\t\t\t\t\t<\/div>\n\t\t<\/div>\n\t\t\t\t\t<\/div>\n\t\t<\/section>\n\t\t\t\t<\/div>\n\t\t","protected":false},"excerpt":{"rendered":"<p>Conception et \u00e9quipement de cuisines et salles de bains SANIFLAM Cuisines et Bains, vous aide \u00e0 cr\u00e9er votre cuisine ou votre salle de bains et vous fournit tous les \u00e9l\u00e9ments mobiliers et sanitaires n\u00e9cessaires. Situ\u00e9e \u00e0 Bourg-Saint-Maurice, en Savoie, l\u2019enseigne intervient dans toute la Tarentaise,&#8230;<\/p>\n","protected":false},"author":1,"featured_media":0,"parent":0,"menu_order":0,"comment_status":"closed","ping_status":"closed","template":"full_width.php","meta":{"footnotes":""},"class_list":["post-153","page","type-page","status-publish","hentry"],"yoast_head":"<!-- This site is optimized with the Yoast SEO plugin v26.8 - https:\/\/yoast.com\/product\/yoast-seo-wordpress\/ -->\n<title>Conception, vente de cuisines et salles de bains \u00e0 Bourg-Saint-Maurice<\/title>\n<meta name=\"description\" content=\"Visitez notre exposition Saniflam Cuisines et Bains \u00e0 Bourg-Saint-Maurice (Savoie) et concevez votre projet avec notre conseill\u00e8re sp\u00e9cialis\u00e9e\" \/>\n<meta name=\"robots\" content=\"index, follow, max-snippet:-1, max-image-preview:large, max-video-preview:-1\" \/>\n<link rel=\"canonical\" href=\"https:\/\/saniflam.com\/cuisines-et-bains\/\" \/>\n<meta property=\"og:locale\" content=\"fr_FR\" \/>\n<meta property=\"og:type\" content=\"article\" \/>\n<meta property=\"og:title\" content=\"Conception, vente de cuisines et salles de bains \u00e0 Bourg-Saint-Maurice\" \/>\n<meta property=\"og:description\" content=\"Visitez notre exposition Saniflam Cuisines et Bains \u00e0 Bourg-Saint-Maurice (Savoie) et concevez votre projet avec notre conseill\u00e8re sp\u00e9cialis\u00e9e\" \/>\n<meta property=\"og:url\" content=\"https:\/\/saniflam.com\/cuisines-et-bains\/\" \/>\n<meta property=\"og:site_name\" content=\"Cuisines et Bains\" \/>\n<meta property=\"article:modified_time\" content=\"2026-01-15T15:06:51+00:00\" \/>\n<meta property=\"og:image\" content=\"https:\/\/saniflam.com\/cuisines-et-bains\/wp-content\/uploads\/sites\/2\/2021\/09\/saniflam-cuisines-et-bains-cuisine-bois-massif-laque-rustique-ilot-piano-cuisson.jpg\" \/>\n<meta name=\"twitter:card\" content=\"summary_large_image\" \/>\n<meta name=\"twitter:label1\" content=\"Dur\u00e9e de lecture estim\u00e9e\" \/>\n\t<meta name=\"twitter:data1\" content=\"8 minutes\" \/>\n<script type=\"application\/ld+json\" class=\"yoast-schema-graph\">{\"@context\":\"https:\/\/schema.org\",\"@graph\":[{\"@type\":\"WebPage\",\"@id\":\"https:\/\/saniflam.com\/cuisines-et-bains\/\",\"url\":\"https:\/\/saniflam.com\/cuisines-et-bains\/\",\"name\":\"Conception, vente de cuisines et salles de bains \u00e0 Bourg-Saint-Maurice\",\"isPartOf\":{\"@id\":\"https:\/\/saniflam.com\/cuisines-et-bains\/#website\"},\"primaryImageOfPage\":{\"@id\":\"https:\/\/saniflam.com\/cuisines-et-bains\/#primaryimage\"},\"image\":{\"@id\":\"https:\/\/saniflam.com\/cuisines-et-bains\/#primaryimage\"},\"thumbnailUrl\":\"https:\/\/saniflam.com\/cuisines-et-bains\/wp-content\/uploads\/sites\/2\/2021\/09\/saniflam-cuisines-et-bains-cuisine-bois-massif-laque-rustique-ilot-piano-cuisson.jpg\",\"datePublished\":\"2020-09-01T09:16:09+00:00\",\"dateModified\":\"2026-01-15T15:06:51+00:00\",\"description\":\"Visitez notre exposition Saniflam Cuisines et Bains \u00e0 Bourg-Saint-Maurice (Savoie) et concevez votre projet avec notre conseill\u00e8re sp\u00e9cialis\u00e9e\",\"breadcrumb\":{\"@id\":\"https:\/\/saniflam.com\/cuisines-et-bains\/#breadcrumb\"},\"inLanguage\":\"fr-FR\",\"potentialAction\":[{\"@type\":\"ReadAction\",\"target\":[\"https:\/\/saniflam.com\/cuisines-et-bains\/\"]}]},{\"@type\":\"ImageObject\",\"inLanguage\":\"fr-FR\",\"@id\":\"https:\/\/saniflam.com\/cuisines-et-bains\/#primaryimage\",\"url\":\"https:\/\/saniflam.com\/cuisines-et-bains\/wp-content\/uploads\/sites\/2\/2021\/09\/saniflam-cuisines-et-bains-cuisine-bois-massif-laque-rustique-ilot-piano-cuisson.jpg\",\"contentUrl\":\"https:\/\/saniflam.com\/cuisines-et-bains\/wp-content\/uploads\/sites\/2\/2021\/09\/saniflam-cuisines-et-bains-cuisine-bois-massif-laque-rustique-ilot-piano-cuisson.jpg\",\"width\":800,\"height\":462,\"caption\":\"saniflam cuisines et bains cuisine bois massif laque rustique ilot piano cuisson\"},{\"@type\":\"BreadcrumbList\",\"@id\":\"https:\/\/saniflam.com\/cuisines-et-bains\/#breadcrumb\",\"itemListElement\":[{\"@type\":\"ListItem\",\"position\":1,\"name\":\"Accueil\",\"item\":\"https:\/\/saniflam.com\/cuisines-et-bains\/\"},{\"@type\":\"ListItem\",\"position\":2,\"name\":\"Cuisines et Bains\"}]},{\"@type\":\"WebSite\",\"@id\":\"https:\/\/saniflam.com\/cuisines-et-bains\/#website\",\"url\":\"https:\/\/saniflam.com\/cuisines-et-bains\/\",\"name\":\"Cuisines et Bains\",\"description\":\"\",\"potentialAction\":[{\"@type\":\"SearchAction\",\"target\":{\"@type\":\"EntryPoint\",\"urlTemplate\":\"https:\/\/saniflam.com\/cuisines-et-bains\/?s={search_term_string}\"},\"query-input\":{\"@type\":\"PropertyValueSpecification\",\"valueRequired\":true,\"valueName\":\"search_term_string\"}}],\"inLanguage\":\"fr-FR\"}]}<\/script>\n<!-- \/ Yoast SEO plugin. -->","yoast_head_json":{"title":"Conception, vente de cuisines et salles de bains \u00e0 Bourg-Saint-Maurice","description":"Visitez notre exposition Saniflam Cuisines et Bains \u00e0 Bourg-Saint-Maurice (Savoie) et concevez votre projet avec notre conseill\u00e8re sp\u00e9cialis\u00e9e","robots":{"index":"index","follow":"follow","max-snippet":"max-snippet:-1","max-image-preview":"max-image-preview:large","max-video-preview":"max-video-preview:-1"},"canonical":"https:\/\/saniflam.com\/cuisines-et-bains\/","og_locale":"fr_FR","og_type":"article","og_title":"Conception, vente de cuisines et salles de bains \u00e0 Bourg-Saint-Maurice","og_description":"Visitez notre exposition Saniflam Cuisines et Bains \u00e0 Bourg-Saint-Maurice (Savoie) et concevez votre projet avec notre conseill\u00e8re sp\u00e9cialis\u00e9e","og_url":"https:\/\/saniflam.com\/cuisines-et-bains\/","og_site_name":"Cuisines et Bains","article_modified_time":"2026-01-15T15:06:51+00:00","og_image":[{"url":"https:\/\/saniflam.com\/cuisines-et-bains\/wp-content\/uploads\/sites\/2\/2021\/09\/saniflam-cuisines-et-bains-cuisine-bois-massif-laque-rustique-ilot-piano-cuisson.jpg","type":"","width":"","height":""}],"twitter_card":"summary_large_image","twitter_misc":{"Dur\u00e9e de lecture estim\u00e9e":"8 minutes"},"schema":{"@context":"https:\/\/schema.org","@graph":[{"@type":"WebPage","@id":"https:\/\/saniflam.com\/cuisines-et-bains\/","url":"https:\/\/saniflam.com\/cuisines-et-bains\/","name":"Conception, vente de cuisines et salles de bains \u00e0 Bourg-Saint-Maurice","isPartOf":{"@id":"https:\/\/saniflam.com\/cuisines-et-bains\/#website"},"primaryImageOfPage":{"@id":"https:\/\/saniflam.com\/cuisines-et-bains\/#primaryimage"},"image":{"@id":"https:\/\/saniflam.com\/cuisines-et-bains\/#primaryimage"},"thumbnailUrl":"https:\/\/saniflam.com\/cuisines-et-bains\/wp-content\/uploads\/sites\/2\/2021\/09\/saniflam-cuisines-et-bains-cuisine-bois-massif-laque-rustique-ilot-piano-cuisson.jpg","datePublished":"2020-09-01T09:16:09+00:00","dateModified":"2026-01-15T15:06:51+00:00","description":"Visitez notre exposition Saniflam Cuisines et Bains \u00e0 Bourg-Saint-Maurice (Savoie) et concevez votre projet avec notre conseill\u00e8re sp\u00e9cialis\u00e9e","breadcrumb":{"@id":"https:\/\/saniflam.com\/cuisines-et-bains\/#breadcrumb"},"inLanguage":"fr-FR","potentialAction":[{"@type":"ReadAction","target":["https:\/\/saniflam.com\/cuisines-et-bains\/"]}]},{"@type":"ImageObject","inLanguage":"fr-FR","@id":"https:\/\/saniflam.com\/cuisines-et-bains\/#primaryimage","url":"https:\/\/saniflam.com\/cuisines-et-bains\/wp-content\/uploads\/sites\/2\/2021\/09\/saniflam-cuisines-et-bains-cuisine-bois-massif-laque-rustique-ilot-piano-cuisson.jpg","contentUrl":"https:\/\/saniflam.com\/cuisines-et-bains\/wp-content\/uploads\/sites\/2\/2021\/09\/saniflam-cuisines-et-bains-cuisine-bois-massif-laque-rustique-ilot-piano-cuisson.jpg","width":800,"height":462,"caption":"saniflam cuisines et bains cuisine bois massif laque rustique ilot piano cuisson"},{"@type":"BreadcrumbList","@id":"https:\/\/saniflam.com\/cuisines-et-bains\/#breadcrumb","itemListElement":[{"@type":"ListItem","position":1,"name":"Accueil","item":"https:\/\/saniflam.com\/cuisines-et-bains\/"},{"@type":"ListItem","position":2,"name":"Cuisines et Bains"}]},{"@type":"WebSite","@id":"https:\/\/saniflam.com\/cuisines-et-bains\/#website","url":"https:\/\/saniflam.com\/cuisines-et-bains\/","name":"Cuisines et Bains","description":"","potentialAction":[{"@type":"SearchAction","target":{"@type":"EntryPoint","urlTemplate":"https:\/\/saniflam.com\/cuisines-et-bains\/?s={search_term_string}"},"query-input":{"@type":"PropertyValueSpecification","valueRequired":true,"valueName":"search_term_string"}}],"inLanguage":"fr-FR"}]}},"_links":{"self":[{"href":"https:\/\/saniflam.com\/cuisines-et-bains\/wp-json\/wp\/v2\/pages\/153","targetHints":{"allow":["GET"]}}],"collection":[{"href":"https:\/\/saniflam.com\/cuisines-et-bains\/wp-json\/wp\/v2\/pages"}],"about":[{"href":"https:\/\/saniflam.com\/cuisines-et-bains\/wp-json\/wp\/v2\/types\/page"}],"author":[{"embeddable":true,"href":"https:\/\/saniflam.com\/cuisines-et-bains\/wp-json\/wp\/v2\/users\/1"}],"replies":[{"embeddable":true,"href":"https:\/\/saniflam.com\/cuisines-et-bains\/wp-json\/wp\/v2\/comments?post=153"}],"version-history":[{"count":4,"href":"https:\/\/saniflam.com\/cuisines-et-bains\/wp-json\/wp\/v2\/pages\/153\/revisions"}],"predecessor-version":[{"id":1441,"href":"https:\/\/saniflam.com\/cuisines-et-bains\/wp-json\/wp\/v2\/pages\/153\/revisions\/1441"}],"wp:attachment":[{"href":"https:\/\/saniflam.com\/cuisines-et-bains\/wp-json\/wp\/v2\/media?parent=153"}],"curies":[{"name":"wp","href":"https:\/\/api.w.org\/{rel}","templated":true}]}}